{"id":913,"date":"2024-02-17T06:52:29","date_gmt":"2024-02-17T06:52:29","guid":{"rendered":"http:\/\/energeticar.free.nf\/?page_id=913"},"modified":"2026-04-29T16:10:57","modified_gmt":"2026-04-29T16:10:57","slug":"drustvo-energeticara-belisce","status":"publish","type":"page","link":"https:\/\/energeticar.hr\/index.php\/drustvo-energeticara-belisce\/","title":{"rendered":"Dru\u0161tvo energeti\u010dara BELI\u0160\u0106E"},"content":{"rendered":"<div class=\"wp-block-columns eplus-wrapper is-layout-flex wp-container-core-columns-is-layout-9d6595d7 wp-block-columns-is-layout-flex eplus-styles-uid-037d6a\">\n<div class=\"wp-block-column eplus-wrapper is-layout-flow wp-block-column-is-layout-flow\" style=\"flex-basis:5%\">\n<figure class=\" wp-block-image size-full eplus-wrapper\"><img loading=\"lazy\" decoding=\"async\" width=\"110\" height=\"101\" src=\"https:\/\/energeticar.hr\/wp-content\/uploads\/2024\/02\/SESiB-logo-SMALL-1.png\" alt=\"\" class=\"wp-image-16\"><\/figure>\n<\/div>\n\n\n\n<div class=\"wp-block-column is-vertically-aligned-bottom eplus-wrapper is-layout-flow wp-block-column-is-layout-flow\">\n<p class=\" has-text-align-left has-large-font-size eplus-wrapper\"><strong>Dru\u0161tvo energeti\u010dara Beli\u0161\u0107e<\/strong><\/p>\n<\/div>\n\n\n\n<div class=\"wp-block-column eplus-wrapper is-layout-flow wp-block-column-is-layout-flow\">\n<div class=\"wp-block-buttons eplus-wrapper is-content-justification-right is-layout-flex wp-container-core-buttons-is-layout-765c4724 wp-block-buttons-is-layout-flex\"><div class=\" wp-block-button eplus-wrapper eplus-styles-uid-ce0743\"><a class=\"wp-block-button__link has-contrast-color has-base-2-background-color has-text-color has-background has-link-color wp-element-button\" href=\"https:\/\/energeticar.hr\/\"><strong>povratak na NASLOVNICU Saveza<\/strong><\/a><\/div><\/div>\n<\/div>\n<\/div>\n\n\n<p class=\" has-medium-font-size eplus-wrapper\"><strong><a href=\"#O-nama\">O nama<\/a><br><\/strong><a href=\"#Aktualno\"><strong>Aktualno<\/strong><\/a><strong><br><a href=\"#Kontakti\">Kontakti<\/a><\/strong><\/p>\n\n\n<div class=\"wp-block-image \">\n<figure class=\"aligncenter size-full is-resized eplus-wrapper\"><img loading=\"lazy\" decoding=\"async\" width=\"681\" height=\"453\" src=\"https:\/\/energeticar.hr\/wp-content\/uploads\/2024\/02\/Belisce.jpg\" alt=\"\" class=\"wp-image-119\" style=\"object-fit:cover;width:1800px;height:400px\"\/><\/figure>\n<\/div>\n\n<hr class=\" wp-block-separator has-alpha-channel-opacity eplus-wrapper eplus-styles-uid-068413\">\n\n<h1 class=\" wp-block-heading eplus-wrapper eplus-styles-uid-4c785f\" id=\"O-nama\">O nama<\/h1>\n\n\n<p class=\" has-medium-font-size eplus-wrapper\">Skra\u0107eni naziv: <strong>\u201eD.E. BELI\u0160\u0106E\u201c<\/strong><br>Registarski broj: <strong>14000238<\/strong><br>OIB: 44182998850<br>Adresa: <strong>Trg Ante Star\u010devi\u0107a 1, Beli\u0161\u0107e<\/strong><\/p>\n\n\n\n<p class=\" has-medium-font-size eplus-wrapper\">Datum osniva\u010dke skup\u0161tine: <strong>04.12.1984.<\/strong><br>Temeljni akt: <strong>STATUT 25.09.2015.<\/strong> (uskla\u0111en sa Zakonom o udrugama (NN 74\/14, 70\/17 i 98\/19)<br>Datum upisa u registar: <strong>05.01.1998.<\/strong><\/p>\n\n\n\n<p class=\" has-medium-font-size eplus-wrapper\">Nomenklatura ciljane skupine: <strong>019 GRA\u0110ANI \u2013 OP\u0106A POPULACIJA<\/strong><br>Cilj \u2013 opis: Unapre\u0111enje energetske tehnike i tehni\u010dke kulture; unapre\u0111enje i publiciranje op\u0107e tehni\u010dke kulture iz podru\u010dja energetike; razvitak i unapre\u0111enje energetske tehnike; razvitak i unapre\u0111enje struke energeti\u010dara; za\u0161tita stru\u010dnosti i kvalitete struke energeti\u010dara; za\u0161tita prirode javnim radom i publiciranje naprednih tehnika kori\u0161tenja energije<\/p>\n\n\n\n<p class=\" has-medium-font-size eplus-wrapper\"><strong>Djelatnosti kojima se ostvaruju ciljevi \u2013 opis:<\/strong><br>poti\u010de i uklju\u010duje u rad Dru\u0161tva djelatnike energetske struke; predla\u017ee programe odnosno u\u010destvuje u utvr\u0111ivanju prijedloga programa aktivnosti na zadovoljavanju javnih potreba iz podru\u010dja iskori\u0161tavanja i upotrebe svih vidova energije; stvara i unapre\u0111uje materijalne i druge uvjete zadovoljavanja potreba Dru\u0161tva; djeluje na promicanju stru\u010dnog rada i skrbi o osposobljavanju djelatnika u energetskim postrojenjima; organizira oblike znanstvenog i stru\u010dnog usavr\u0161avanja \u010dlanova Dru\u0161tva; organizira i promi\u010de oblike znanstvenog i tehni\u010dkog stvarala\u0161tva.<\/p>\n\n\n\n<p class=\" has-medium-font-size eplus-wrapper\"><strong>Djelatnosti:<br>11.<\/strong> Ostale djelatnosti iz podru\u010dja gospodarstva<br><strong>13.<\/strong> Ostale djelatnosti iz podru\u010dja tehni\u010dke kulture<\/p>\n\n\n\n<p class=\" has-medium-font-size eplus-wrapper\"><strong>Podru\u010dja djelovanja:<\/strong><br>Opis: <strong>UDRUGA SUKLADNO CILJEVIMA DJELUJE NA PODRU\u010cJU GOSPODARSTVA I TEHNI\u010cKE KULTURE<\/strong><br>Klasifikacija: 4. GOSPODARSTVO<\/p>\n\n\n<ol class=\" wp-block-list eplus-wrapper eplus-styles-uid-6c0ae8\">\n<li class=\" has-medium-font-size eplus-wrapper\">TEHNI\u010cKA KULTURA<br>Gospodarske djelatnosti \u2013 opis:<br>Gospodarske djelatnosti koje Udruga obavlja, a sukladno posebnim propisima kojima se ure\u0111uju uvjeti za obavljanje te vrste djelatnosti su : ostale gospodarske djelatnosti.<\/li>\n<\/ol>\n\n\n<hr class=\" wp-block-separator has-alpha-channel-opacity eplus-wrapper\"\/>\n\n\n\n<h1 class=\" wp-block-heading eplus-wrapper\" id=\"Aktualno\">Aktualno<\/h1>\n\n\n\n<div class=\"wp-block-ultimate-post-post-grid-parent ultp-post-grid-parent\" data-postid=\"913\" data-grids=\"[{&quot;blockId&quot;:&quot;7d1127&quot;,&quot;name&quot;:&quot;ultimate-post_post-grid-1&quot;}]\" data-pagi=\"[&quot;ultp-block-3c9ca5&quot;]\"><div  class=\"ultp-post-grid-block wp-block-ultimate-post-post-grid-1 ultp-block-7d1127\"><div class=\"ultp-block-wrapper\"><div class=\"ultp-loading\"><div class=\"ultp-loading-blocks\" style=\"width:100%;height:100%;\"><div style=\"left: 0;top: 0;animation-delay:0s;\"><\/div><div style=\"left: 21px;top: 0;animation-delay:0.125s;\"><\/div><div style=\"left: 42px;top: 0;animation-delay:0.25s;\"><\/div><div style=\"left: 0;top: 21px;animation-delay:0.875s;\"><\/div><div style=\"left: 42px;top: 21px;animation-delay:0.375s;\"><\/div><div style=\"left: 0;top: 42px;animation-delay:0.75s;\"><\/div><div style=\"left: 42px;top: 42px;animation-delay:0.625s;\"><\/div><div style=\"left: 21px;top: 42px;animation-delay:0.5s;\"><\/div><\/div><\/div><div class=\"ultp-block-items-wrap ultp-block-row ultp-pg1a-style1 ultp-grid1-responsive ultp-block-column-3 ultp-sm-column-2 ultp-xs-column-1 ultp-layout1\"><div class=\"ultp-block-item post-id-1114\"><div class=\"ultp-block-content-wrap\"><div class=\"ultp-block-image ultp-block-image-opacity\"><a href=\"https:\/\/energeticar.hr\/index.php\/2024\/02\/17\/nogometni-turnir-u-beliscu\/\" ><img decoding=\"async\"  class=\"ultp-block-image-content\"  alt=\"Nogometni turnir u Beli\u0161\u0107u\"  src=\"https:\/\/energeticar.hr\/wp-content\/uploads\/2024\/02\/IMG_20130601_105921.jpg\" \/><\/a><\/div><div class=\"ultp-block-content\"><h3 class=\"ultp-block-title \"><a href=\"https:\/\/energeticar.hr\/index.php\/2024\/02\/17\/nogometni-turnir-u-beliscu\/\" >Nogometni turnir u Beli\u0161\u0107u<\/a><\/h3><div class=\"ultp-block-excerpt\"><p>\u010clanak sa tekstom sa opisom i rezultatima vezanim za nogometni&hellip;<\/p>\n<\/div><div class=\"ultp-block-readmore\"><a aria-label=\"Nogometni turnir u Beli\u0161\u0107u\" href=\"https:\/\/energeticar.hr\/index.php\/2024\/02\/17\/nogometni-turnir-u-beliscu\/\" >Vi\u0161e o tome<\/a><\/div><\/div><\/div><\/div><\/div><\/div><div class=\"pagination-block-html\" aria-hidden=\"true\" style=\"display: none;\"><div class=\"ultp-pagination-wrap ultp-pagination-ajax-action\"  data-for=\"ultp-block-7d1127\"  data-blockid=\"7d1127\"  data-expost=\"\"  data-paged=\"1\"  data-pages=\"1\"  data-blockname=\"ultimate-post_post-grid-1\"  data-postid=\"913\"  data-selfpostid=\"yes\" ><\/div><\/div><\/div>\n\n\n<div class=\"wp-block-ultimate-post-post-pagination ultp-block-3c9ca5 ultp-pagination-block ultp-pagination-wrap\"><div class=\"ultp-pagination-wrap ultp-disable-editor-click ultp-pagination-ajax-action\"><ul class=\"ultp-pagination\"><li><a href=\"#\" class=\"ultp-prev-page-numbers\"><svg enable-background=\"new 0 0 477.175 477.175\" version=\"1.1\" viewBox=\"0 0 477.18 477.18\"><path d=\"m145.19 238.58 215.5-215.5c5.3-5.3 5.3-13.8 0-19.1s-13.8-5.3-19.1 0l-225.1 225.1c-5.3 5.3-5.3 13.8 0 19.1l225.1 225c2.6 2.6 6.1 4 9.5 4s6.9-1.3 9.5-4c5.3-5.3 5.3-13.8 0-19.1l-215.4-215.5z\"><\/path><\/svg><\/a><\/li><li><a href=\"#\">1<\/a><\/li><li><a href=\"#\">2<\/a><\/li><li><a href=\"#\">3<\/a><\/li><li><a href=\"#\" class=\"ultp-next-page-numbers\"><svg enable-background=\"new 0 0 477.175 477.175\" version=\"1.1\" viewBox=\"0 0 477.18 477.18\"><path d=\"m360.73 229.08-225.1-225.1c-5.3-5.3-13.8-5.3-19.1 0s-5.3 13.8 0 19.1l215.5 215.5-215.5 215.5c-5.3 5.3-5.3 13.8 0 19.1 2.6 2.6 6.1 4 9.5 4s6.9-1.3 9.5-4l225.1-225.1c5.3-5.2 5.3-13.8 0.1-19z\"><\/path><\/svg><\/a><\/li><\/ul><\/div><\/div>\n<\/div>\n\n\n\n<hr class=\" wp-block-separator has-alpha-channel-opacity eplus-wrapper\"\/>\n\n\n\n<h1 class=\" wp-block-heading eplus-wrapper\" id=\"Kontakti\">Kontakti<\/h1>\n\n\n<div class=\"wp-block-columns has-base-background-color has-background eplus-wrapper is-layout-flex wp-container-core-columns-is-layout-9d6595d7 wp-block-columns-is-layout-flex eplus-styles-uid-c83c38\">\n<div class=\"wp-block-column eplus-wrapper is-layout-flow wp-block-column-is-layout-flow\">\n<p class=\" has-base-background-color has-background has-medium-font-size eplus-wrapper\"><em>Trg Ante Star\u010devi\u0107a 1, 31551 Beli\u0161\u0107e<\/em><br><em>OIB: <\/em>44182998850<br>IBAN: HR6523400091100012330<br><br><strong><em>Predsjednik: Zlatko Safkin<\/em><\/strong><br>mobitel: 099 \/ 21 86 138<br>e-mail: <a href=\"mailto:zlatko.safkin@hotmail.com\">zlatko.safkin@hotmail.com<\/a><br><br><strong><em>Dopredsjednik: <strong>Ninoslav Var\u017ei\u0107<\/strong><\/em><\/strong><br>mobitel: 098 \/ 52 82 74<br>e-mail: <a href=\"mailto:ninoslav.varzic@hotmail.com\">ninoslav.varzic@hotmail.com<\/a><br><br><strong><em>Tajnik: Vedran Smokrovi\u0107<\/em><\/strong><br>mobitel: 095 \/ 88 46 139<br>e-mail: <a href=\"mailto:veki.s095@gmail.com\">veki.s095@gmail.com<\/a><\/p>\n<\/div>\n\n\n\n<div class=\"wp-block-column is-vertically-aligned-center eplus-wrapper is-layout-flow wp-block-column-is-layout-flow\"><p><iframe src=\"https:\/\/www.google.com\/maps\/embed?pb=!1m18!1m12!1m3!1d2787.1616082899714!2d18.405276076744414!3d45.68772871849606!2m3!1f0!2f0!3f0!3m2!1i1024!2i768!4f13.1!3m3!1m2!1s0x475d230030628e19%3A0x5355762b4dbd7419!2zRHJ1xaF0dm8gZW5lcmdldGnEjWFyYSBCZWxpxaHEh2U!5e0!3m2!1shr!2shr!4v1710494006289!5m2!1shr!2shr\" width=\"600\" height=\"450\" style=\"border:0;\" allowfullscreen=\"\" loading=\"lazy\" referrerpolicy=\"no-referrer-when-downgrade\"><\/iframe><\/p>\n<\/div>\n<\/div>\n\n<div class=\"wp-block-columns are-vertically-aligned-center eplus-wrapper is-layout-flex wp-container-core-columns-is-layout-9d6595d7 wp-block-columns-is-layout-flex eplus-styles-uid-0b40d4\">\n<div class=\"wp-block-column is-vertically-aligned-center eplus-wrapper is-layout-flow wp-block-column-is-layout-flow\" style=\"flex-basis:100%\">\n<div class=\"wp-block-buttons eplus-wrapper is-content-justification-center is-layout-flex wp-container-core-buttons-is-layout-e1485a7b wp-block-buttons-is-layout-flex\"><div class=\" wp-block-button eplus-wrapper eplus-styles-uid-761c8b\"><a class=\"wp-block-button__link has-contrast-color has-base-background-color has-text-color has-background has-link-color wp-element-button\" href=\"https:\/\/energeticar.hr\/\"><strong><strong>povratak na NASLOVNICU Saveza<\/strong><\/strong><\/a><\/div><\/div>\n<\/div>\n<\/div>","protected":false},"excerpt":{"rendered":"<p>Dru\u0161tvo energeti\u010dara Beli\u0161\u0107e O namaAktualnoKontakti O nama Skra\u0107eni naziv: \u201eD.E. BELI\u0160\u0106E\u201cRegistarski broj: 14000238OIB: 44182998850Adresa: Trg Ante Star\u010devi\u0107a 1, Beli\u0161\u0107e Datum osniva\u010dke skup\u0161tine: 04.12.1984.Temeljni akt: STATUT 25.09.2015. (uskla\u0111en sa Zakonom o udrugama (NN 74\/14, 70\/17 i 98\/19)Datum upisa u registar: 05.01.1998. Nomenklatura ciljane skupine: 019 GRA\u0110ANI \u2013 OP\u0106A POPULACIJACilj \u2013 opis: Unapre\u0111enje energetske tehnike i tehni\u010dke &#8230; <a title=\"Dru\u0161tvo energeti\u010dara BELI\u0160\u0106E\" class=\"read-more\" href=\"https:\/\/energeticar.hr\/index.php\/drustvo-energeticara-belisce\/\" aria-label=\"More on Dru\u0161tvo energeti\u010dara BELI\u0160\u0106E\">Vi\u0161e o tome<\/a><\/p>\n","protected":false},"author":1,"featured_media":0,"parent":0,"menu_order":0,"comment_status":"closed","ping_status":"closed","template":"","meta":{"editor_plus_copied_stylings":"{}","footnotes":""},"class_list":["post-913","page","type-page","status-publish"],"yoast_head":"<!-- This site is optimized with the Yoast SEO plugin v26.8 - https:\/\/yoast.com\/product\/yoast-seo-wordpress\/ -->\n<title>Dru\u0161tvo energeti\u010dara BELI\u0160\u0106E - Savez energeti\u010dara Slavonije i Baranje<\/title>\n<meta name=\"description\" content=\"Dru\u0161tvo energeti\u010dara Beli\u0161\u0107e povratak na NASLOVNICU Saveza O namaAktualnoKontakti O nama Skra\u0107eni naziv: \u201eD.E. BELI\u0160\u0106E\u201cRegistarski broj: 14000238OIB:\" \/>\n<meta name=\"robots\" content=\"index, follow, max-snippet:-1, max-image-preview:large, max-video-preview:-1\" \/>\n<link rel=\"canonical\" href=\"https:\/\/energeticar.hr\/index.php\/drustvo-energeticara-belisce\/\" \/>\n<meta property=\"og:locale\" content=\"en_US\" \/>\n<meta property=\"og:type\" content=\"article\" \/>\n<meta property=\"og:title\" content=\"Dru\u0161tvo energeti\u010dara BELI\u0160\u0106E - Savez energeti\u010dara Slavonije i Baranje\" \/>\n<meta property=\"og:description\" content=\"Dru\u0161tvo energeti\u010dara Beli\u0161\u0107e povratak na NASLOVNICU Saveza O namaAktualnoKontakti O nama Skra\u0107eni naziv: \u201eD.E. BELI\u0160\u0106E\u201cRegistarski broj: 14000238OIB:\" \/>\n<meta property=\"og:url\" content=\"https:\/\/energeticar.hr\/index.php\/drustvo-energeticara-belisce\/\" \/>\n<meta property=\"og:site_name\" content=\"Savez energeti\u010dara Slavonije i Baranje\" \/>\n<meta property=\"article:modified_time\" content=\"2026-04-29T16:10:57+00:00\" \/>\n<meta property=\"og:image\" content=\"https:\/\/energeticar.hr\/wp-content\/uploads\/2024\/02\/SESiB-logo-SMALL-1.png\" \/>\n\t<meta property=\"og:image:width\" content=\"110\" \/>\n\t<meta property=\"og:image:height\" content=\"101\" \/>\n\t<meta property=\"og:image:type\" content=\"image\/png\" \/>\n<meta name=\"twitter:card\" content=\"summary_large_image\" \/>\n<meta name=\"twitter:label1\" content=\"Est. reading time\" \/>\n\t<meta name=\"twitter:data1\" content=\"2 minutes\" \/>\n<script type=\"application\/ld+json\" class=\"yoast-schema-graph\">{\"@context\":\"https:\/\/schema.org\",\"@graph\":[{\"@type\":\"WebPage\",\"@id\":\"https:\/\/energeticar.hr\/index.php\/drustvo-energeticara-belisce\/\",\"url\":\"https:\/\/energeticar.hr\/index.php\/drustvo-energeticara-belisce\/\",\"name\":\"Dru\u0161tvo energeti\u010dara BELI\u0160\u0106E - Savez energeti\u010dara Slavonije i Baranje\",\"isPartOf\":{\"@id\":\"https:\/\/energeticar.hr\/#website\"},\"primaryImageOfPage\":{\"@id\":\"https:\/\/energeticar.hr\/index.php\/drustvo-energeticara-belisce\/#primaryimage\"},\"image\":{\"@id\":\"https:\/\/energeticar.hr\/index.php\/drustvo-energeticara-belisce\/#primaryimage\"},\"thumbnailUrl\":\"https:\/\/energeticar.hr\/wp-content\/uploads\/2024\/02\/SESiB-logo-SMALL-1.png\",\"datePublished\":\"2024-02-17T06:52:29+00:00\",\"dateModified\":\"2026-04-29T16:10:57+00:00\",\"description\":\"Dru\u0161tvo energeti\u010dara Beli\u0161\u0107e povratak na NASLOVNICU Saveza O namaAktualnoKontakti O nama Skra\u0107eni naziv: \u201eD.E. BELI\u0160\u0106E\u201cRegistarski broj: 14000238OIB:\",\"breadcrumb\":{\"@id\":\"https:\/\/energeticar.hr\/index.php\/drustvo-energeticara-belisce\/#breadcrumb\"},\"inLanguage\":\"en-US\",\"potentialAction\":[{\"@type\":\"ReadAction\",\"target\":[\"https:\/\/energeticar.hr\/index.php\/drustvo-energeticara-belisce\/\"]}]},{\"@type\":\"ImageObject\",\"inLanguage\":\"en-US\",\"@id\":\"https:\/\/energeticar.hr\/index.php\/drustvo-energeticara-belisce\/#primaryimage\",\"url\":\"https:\/\/energeticar.hr\/wp-content\/uploads\/2024\/02\/SESiB-logo-SMALL-1.png\",\"contentUrl\":\"https:\/\/energeticar.hr\/wp-content\/uploads\/2024\/02\/SESiB-logo-SMALL-1.png\",\"width\":110,\"height\":101},{\"@type\":\"BreadcrumbList\",\"@id\":\"https:\/\/energeticar.hr\/index.php\/drustvo-energeticara-belisce\/#breadcrumb\",\"itemListElement\":[{\"@type\":\"ListItem\",\"position\":1,\"name\":\"Home\",\"item\":\"https:\/\/energeticar.hr\/\"},{\"@type\":\"ListItem\",\"position\":2,\"name\":\"Dru\u0161tvo energeti\u010dara BELI\u0160\u0106E\"}]},{\"@type\":\"WebSite\",\"@id\":\"https:\/\/energeticar.hr\/#website\",\"url\":\"https:\/\/energeticar.hr\/\",\"name\":\"Savez energeti\u010dara Slavonije i Baranje\",\"description\":\"SESIB\",\"publisher\":{\"@id\":\"https:\/\/energeticar.hr\/#organization\"},\"potentialAction\":[{\"@type\":\"SearchAction\",\"target\":{\"@type\":\"EntryPoint\",\"urlTemplate\":\"https:\/\/energeticar.hr\/?s={search_term_string}\"},\"query-input\":{\"@type\":\"PropertyValueSpecification\",\"valueRequired\":true,\"valueName\":\"search_term_string\"}}],\"inLanguage\":\"en-US\"},{\"@type\":\"Organization\",\"@id\":\"https:\/\/energeticar.hr\/#organization\",\"name\":\"Savez energeti\u010dara Slavonije i Baranje\",\"url\":\"https:\/\/energeticar.hr\/\",\"logo\":{\"@type\":\"ImageObject\",\"inLanguage\":\"en-US\",\"@id\":\"https:\/\/energeticar.hr\/#\/schema\/logo\/image\/\",\"url\":\"https:\/\/energeticar.hr\/wp-content\/uploads\/2024\/02\/SESiB-logo-SMALL-1.png\",\"contentUrl\":\"https:\/\/energeticar.hr\/wp-content\/uploads\/2024\/02\/SESiB-logo-SMALL-1.png\",\"width\":110,\"height\":101,\"caption\":\"Savez energeti\u010dara Slavonije i Baranje\"},\"image\":{\"@id\":\"https:\/\/energeticar.hr\/#\/schema\/logo\/image\/\"}}]}<\/script>\n<!-- \/ Yoast SEO plugin. -->","yoast_head_json":{"title":"Dru\u0161tvo energeti\u010dara BELI\u0160\u0106E - Savez energeti\u010dara Slavonije i Baranje","description":"Dru\u0161tvo energeti\u010dara Beli\u0161\u0107e povratak na NASLOVNICU Saveza O namaAktualnoKontakti O nama Skra\u0107eni naziv: \u201eD.E. BELI\u0160\u0106E\u201cRegistarski broj: 14000238OIB:","robots":{"index":"index","follow":"follow","max-snippet":"max-snippet:-1","max-image-preview":"max-image-preview:large","max-video-preview":"max-video-preview:-1"},"canonical":"https:\/\/energeticar.hr\/index.php\/drustvo-energeticara-belisce\/","og_locale":"en_US","og_type":"article","og_title":"Dru\u0161tvo energeti\u010dara BELI\u0160\u0106E - Savez energeti\u010dara Slavonije i Baranje","og_description":"Dru\u0161tvo energeti\u010dara Beli\u0161\u0107e povratak na NASLOVNICU Saveza O namaAktualnoKontakti O nama Skra\u0107eni naziv: \u201eD.E. BELI\u0160\u0106E\u201cRegistarski broj: 14000238OIB:","og_url":"https:\/\/energeticar.hr\/index.php\/drustvo-energeticara-belisce\/","og_site_name":"Savez energeti\u010dara Slavonije i Baranje","article_modified_time":"2026-04-29T16:10:57+00:00","og_image":[{"width":110,"height":101,"url":"https:\/\/energeticar.hr\/wp-content\/uploads\/2024\/02\/SESiB-logo-SMALL-1.png","type":"image\/png"}],"twitter_card":"summary_large_image","twitter_misc":{"Est. reading time":"2 minutes"},"schema":{"@context":"https:\/\/schema.org","@graph":[{"@type":"WebPage","@id":"https:\/\/energeticar.hr\/index.php\/drustvo-energeticara-belisce\/","url":"https:\/\/energeticar.hr\/index.php\/drustvo-energeticara-belisce\/","name":"Dru\u0161tvo energeti\u010dara BELI\u0160\u0106E - Savez energeti\u010dara Slavonije i Baranje","isPartOf":{"@id":"https:\/\/energeticar.hr\/#website"},"primaryImageOfPage":{"@id":"https:\/\/energeticar.hr\/index.php\/drustvo-energeticara-belisce\/#primaryimage"},"image":{"@id":"https:\/\/energeticar.hr\/index.php\/drustvo-energeticara-belisce\/#primaryimage"},"thumbnailUrl":"https:\/\/energeticar.hr\/wp-content\/uploads\/2024\/02\/SESiB-logo-SMALL-1.png","datePublished":"2024-02-17T06:52:29+00:00","dateModified":"2026-04-29T16:10:57+00:00","description":"Dru\u0161tvo energeti\u010dara Beli\u0161\u0107e povratak na NASLOVNICU Saveza O namaAktualnoKontakti O nama Skra\u0107eni naziv: \u201eD.E. BELI\u0160\u0106E\u201cRegistarski broj: 14000238OIB:","breadcrumb":{"@id":"https:\/\/energeticar.hr\/index.php\/drustvo-energeticara-belisce\/#breadcrumb"},"inLanguage":"en-US","potentialAction":[{"@type":"ReadAction","target":["https:\/\/energeticar.hr\/index.php\/drustvo-energeticara-belisce\/"]}]},{"@type":"ImageObject","inLanguage":"en-US","@id":"https:\/\/energeticar.hr\/index.php\/drustvo-energeticara-belisce\/#primaryimage","url":"https:\/\/energeticar.hr\/wp-content\/uploads\/2024\/02\/SESiB-logo-SMALL-1.png","contentUrl":"https:\/\/energeticar.hr\/wp-content\/uploads\/2024\/02\/SESiB-logo-SMALL-1.png","width":110,"height":101},{"@type":"BreadcrumbList","@id":"https:\/\/energeticar.hr\/index.php\/drustvo-energeticara-belisce\/#breadcrumb","itemListElement":[{"@type":"ListItem","position":1,"name":"Home","item":"https:\/\/energeticar.hr\/"},{"@type":"ListItem","position":2,"name":"Dru\u0161tvo energeti\u010dara BELI\u0160\u0106E"}]},{"@type":"WebSite","@id":"https:\/\/energeticar.hr\/#website","url":"https:\/\/energeticar.hr\/","name":"Savez energeti\u010dara Slavonije i Baranje","description":"SESIB","publisher":{"@id":"https:\/\/energeticar.hr\/#organization"},"potentialAction":[{"@type":"SearchAction","target":{"@type":"EntryPoint","urlTemplate":"https:\/\/energeticar.hr\/?s={search_term_string}"},"query-input":{"@type":"PropertyValueSpecification","valueRequired":true,"valueName":"search_term_string"}}],"inLanguage":"en-US"},{"@type":"Organization","@id":"https:\/\/energeticar.hr\/#organization","name":"Savez energeti\u010dara Slavonije i Baranje","url":"https:\/\/energeticar.hr\/","logo":{"@type":"ImageObject","inLanguage":"en-US","@id":"https:\/\/energeticar.hr\/#\/schema\/logo\/image\/","url":"https:\/\/energeticar.hr\/wp-content\/uploads\/2024\/02\/SESiB-logo-SMALL-1.png","contentUrl":"https:\/\/energeticar.hr\/wp-content\/uploads\/2024\/02\/SESiB-logo-SMALL-1.png","width":110,"height":101,"caption":"Savez energeti\u010dara Slavonije i Baranje"},"image":{"@id":"https:\/\/energeticar.hr\/#\/schema\/logo\/image\/"}}]}},"_links":{"self":[{"href":"https:\/\/energeticar.hr\/index.php\/wp-json\/wp\/v2\/pages\/913","targetHints":{"allow":["GET"]}}],"collection":[{"href":"https:\/\/energeticar.hr\/index.php\/wp-json\/wp\/v2\/pages"}],"about":[{"href":"https:\/\/energeticar.hr\/index.php\/wp-json\/wp\/v2\/types\/page"}],"author":[{"embeddable":true,"href":"https:\/\/energeticar.hr\/index.php\/wp-json\/wp\/v2\/users\/1"}],"replies":[{"embeddable":true,"href":"https:\/\/energeticar.hr\/index.php\/wp-json\/wp\/v2\/comments?post=913"}],"version-history":[{"count":46,"href":"https:\/\/energeticar.hr\/index.php\/wp-json\/wp\/v2\/pages\/913\/revisions"}],"predecessor-version":[{"id":5173,"href":"https:\/\/energeticar.hr\/index.php\/wp-json\/wp\/v2\/pages\/913\/revisions\/5173"}],"wp:attachment":[{"href":"https:\/\/energeticar.hr\/index.php\/wp-json\/wp\/v2\/media?parent=913"}],"curies":[{"name":"wp","href":"https:\/\/api.w.org\/{rel}","templated":true}]}}