{"id":884,"date":"2024-02-17T06:16:33","date_gmt":"2024-02-17T06:16:33","guid":{"rendered":"http:\/\/energeticar.free.nf\/?page_id=884"},"modified":"2025-12-11T21:31:07","modified_gmt":"2025-12-11T21:31:07","slug":"aktualno","status":"publish","type":"page","link":"https:\/\/energeticar.hr\/index.php\/aktualno\/","title":{"rendered":"Aktualno"},"content":{"rendered":"<div class=\"wp-block-columns are-vertically-aligned-top is-not-stacked-on-mobile eplus-wrapper is-layout-flex wp-container-core-columns-is-layout-9d6595d7 wp-block-columns-is-layout-flex eplus-styles-uid-9cdc44\">\n<div class=\"wp-block-column is-vertically-aligned-top eplus-wrapper is-layout-flow wp-block-column-is-layout-flow\"><h3 class=\"wp-block-heading has-accent-color has-text-color has-link-color eplus-wrapper wp-elements-7bef7b28da3fb562a1e122ad3e25db10 eplus-styles-uid-470593\"><strong>Pripremni te\u010dajevi<\/strong><\/h3><\/div>\n\n\n\n<div class=\"wp-block-column is-vertically-aligned-top eplus-wrapper is-layout-flow wp-block-column-is-layout-flow\"><h3 class=\"wp-block-heading has-accent-color has-text-color has-link-color eplus-wrapper wp-elements-c1893a11ac19ca3a1657a6145911f4b7 eplus-styles-uid-cfa858\"><strong>Stru\u010dne ekskurzije SESIB-a<\/strong><\/h3><\/div>\n\n\n\n<div class=\"wp-block-column is-vertically-aligned-top eplus-wrapper is-layout-flow wp-block-column-is-layout-flow\"><h3 class=\"wp-block-heading has-accent-color has-text-color has-link-color eplus-wrapper wp-elements-53c3c4a4fee4eeb42b133e3da672e070 eplus-styles-uid-cfa858\"><strong>Godi\u0161nji susreti energeti\u010dara Slavonije i Baranje<\/strong><\/h3><\/div>\n<\/div>\n\n<div class=\"wp-block-columns is-not-stacked-on-mobile eplus-wrapper is-layout-flex wp-container-core-columns-is-layout-9d6595d7 wp-block-columns-is-layout-flex eplus-styles-uid-976d82\">\n<div class=\"wp-block-column eplus-wrapper is-layout-flow wp-block-column-is-layout-flow\">\n<div class=\"wp-block-ultimate-post-post-grid-parent ultp-post-grid-parent\" data-postid=\"884\" data-grids='[{\"blockId\":\"8db6f8\",\"name\":\"ultimate-post_post-grid-1\"}]' data-pagi='[\"ultp-block-2dfbdd\"]'><div class=\"ultp-post-grid-block wp-block-ultimate-post-post-grid-1 ultp-block-8db6f8\"><div class=\"ultp-block-wrapper\"><div class=\"ultp-loading\"><div class=\"ultp-loading-blocks\" style=\"width:100%;height:100%;\"><div style=\"left: 0;top: 0;animation-delay:0s;\"><\/div><div style=\"left: 21px;top: 0;animation-delay:0.125s;\"><\/div><div style=\"left: 42px;top: 0;animation-delay:0.25s;\"><\/div><div style=\"left: 0;top: 21px;animation-delay:0.875s;\"><\/div><div style=\"left: 42px;top: 21px;animation-delay:0.375s;\"><\/div><div style=\"left: 0;top: 42px;animation-delay:0.75s;\"><\/div><div style=\"left: 42px;top: 42px;animation-delay:0.625s;\"><\/div><div style=\"left: 21px;top: 42px;animation-delay:0.5s;\"><\/div><\/div><\/div><div class=\"ultp-block-items-wrap ultp-block-row ultp-pg1a-style1 ultp-grid1-responsive ultp-block-column-1 ultp-sm-column-2 ultp-xs-column-1 ultp-layout1\"><div class=\"ultp-block-item post-id-4669\"><div class=\"ultp-block-content-wrap\"><div class=\"ultp-block-image ultp-block-image-opacity\"><a href=\"https:\/\/energeticar.hr\/index.php\/2025\/12\/11\/pripremni-jesenski-tecaj-u-2025-godini\/\"><img decoding=\"async\" class=\"ultp-block-image-content\" alt=\"Pripremni jesenski te\u010daj u 2025. godini\" src=\"https:\/\/energeticar.hr\/wp-content\/uploads\/2024\/02\/tecaj.jpg\"><\/a><\/div><div class=\"ultp-block-content\"><h3 class=\"ultp-block-title \"><a href=\"https:\/\/energeticar.hr\/index.php\/2025\/12\/11\/pripremni-jesenski-tecaj-u-2025-godini\/\">Pripremni jesenski te\u010daj u 2025. godini<\/a><\/h3><div class=\"ultp-block-excerpt\"><p>Pripremni te\u010daj za polaganje stru\u010dnih ispita u jesenskom ciklusu osposobljavanja\u2026<\/p>\n<\/div><div class=\"ultp-block-readmore\"><a aria-label=\"Pripremni jesenski te\u010daj u 2025. godini\" href=\"https:\/\/energeticar.hr\/index.php\/2025\/12\/11\/pripremni-jesenski-tecaj-u-2025-godini\/\">Vi\u0161e o tome<\/a><\/div><\/div><\/div><\/div><div class=\"ultp-block-item post-id-3851\"><div class=\"ultp-block-content-wrap\"><div class=\"ultp-block-image ultp-block-image-opacity\"><a href=\"https:\/\/energeticar.hr\/index.php\/2025\/02\/17\/pripremni-jesenski-tecajevi-u-2024-godini\/\"><img decoding=\"async\" class=\"ultp-block-image-content\" alt=\"Pripremni proljetni te\u010daj u 2025. godini\" src=\"https:\/\/energeticar.hr\/wp-content\/uploads\/2024\/02\/tecaj.jpg\"><\/a><\/div><div class=\"ultp-block-content\"><h3 class=\"ultp-block-title \"><a href=\"https:\/\/energeticar.hr\/index.php\/2025\/02\/17\/pripremni-jesenski-tecajevi-u-2024-godini\/\">Pripremni proljetni te\u010daj u 2025. godini<\/a><\/h3><div class=\"ultp-block-excerpt\"><p>Pripremni te\u010daj za polaganje stru\u010dnih ispita u proljetnom ciklusu osposobljavanja\u2026<\/p>\n<\/div><div class=\"ultp-block-readmore\"><a aria-label=\"Pripremni proljetni te\u010daj u 2025. godini\" href=\"https:\/\/energeticar.hr\/index.php\/2025\/02\/17\/pripremni-jesenski-tecajevi-u-2024-godini\/\">Vi\u0161e o tome<\/a><\/div><\/div><\/div><\/div><div class=\"ultp-block-item post-id-4361\"><div class=\"ultp-block-content-wrap\"><div class=\"ultp-block-image ultp-block-image-opacity\"><a href=\"https:\/\/energeticar.hr\/index.php\/2024\/09\/16\/pripremni-jesenski-tecajevi-u-2024-godini-2\/\"><img decoding=\"async\" class=\"ultp-block-image-content\" alt=\"Pripremni jesenski te\u010daj u 2024. godini\" src=\"https:\/\/energeticar.hr\/wp-content\/uploads\/2024\/02\/tecaj.jpg\"><\/a><\/div><div class=\"ultp-block-content\"><h3 class=\"ultp-block-title \"><a href=\"https:\/\/energeticar.hr\/index.php\/2024\/09\/16\/pripremni-jesenski-tecajevi-u-2024-godini-2\/\">Pripremni jesenski te\u010daj u 2024. godini<\/a><\/h3><div class=\"ultp-block-excerpt\"><p>Pripremni te\u010daj za polaganje stru\u010dnih ispita u jesenskom ciklusu osposobljavanja\u2026<\/p>\n<\/div><div class=\"ultp-block-readmore\"><a aria-label=\"Pripremni jesenski te\u010daj u 2024. godini\" href=\"https:\/\/energeticar.hr\/index.php\/2024\/09\/16\/pripremni-jesenski-tecajevi-u-2024-godini-2\/\">Vi\u0161e o tome<\/a><\/div><\/div><\/div><\/div><\/div><\/div><div class=\"pagination-block-html\" aria-hidden=\"true\" style=\"display: none;\"><div class=\"ultp-pagination-wrap ultp-pagination-ajax-action\" data-for=\"ultp-block-8db6f8\" data-blockid=\"8db6f8\" data-expost=\"\" data-paged=\"1\" data-pages=\"2\" data-blockname=\"ultimate-post_post-grid-1\" data-postid=\"884\" data-selfpostid=\"yes\"><ul class=\"ultp-pagination\"><li class=\"ultp-prev-page-numbers\" style=\"display:none\"><a href=\"https:\/\/energeticar.hr\/index.php\/wp-json\/wp\/v2\/pages\/884\/\"><svg xmlns=\"http:\/\/www.w3.org\/2000\/svg\" fill=\"none\" viewbox=\"0 0 24 24\">\n  <path stroke=\"currentColor\" stroke-linecap=\"round\" stroke-linejoin=\"round\" stroke-width=\"1.5\" d=\"m15 18-6-6 6-6\"><\/path>\n<\/svg>\n <\/a><\/li><li class=\"ultp-center-item pagination-active\" data-current=\"1\"><a href=\"https:\/\/energeticar.hr\/index.php\/wp-json\/wp\/v2\/pages\/884\/\">1<\/a><\/li><li class=\"ultp-center-item\" data-current=\"2\"><a href=\"https:\/\/energeticar.hr\/index.php\/wp-json\/wp\/v2\/pages\/884\/page\/2\/\">2<\/a><\/li><li class=\"ultp-last-dot\" style=\"display:none\"><a href=\"#\">&#8230;<\/a><\/li><li class=\"ultp-next-page-numbers\"><a href=\"https:\/\/energeticar.hr\/index.php\/wp-json\/wp\/v2\/pages\/884\/page\/2\/\"><svg xmlns=\"http:\/\/www.w3.org\/2000\/svg\" fill=\"none\" viewbox=\"0 0 24 24\">\n  <path stroke=\"currentColor\" stroke-linecap=\"round\" stroke-linejoin=\"round\" stroke-width=\"1.5\" d=\"m9 18 6-6-6-6\"><\/path>\n<\/svg>\n<\/a><\/li><\/ul><\/div><\/div><\/div>\n\n\n<div class=\"wp-block-ultimate-post-post-pagination ultp-block-2dfbdd ultp-pagination-block ultp-pagination-wrap\"><div class=\"ultp-pagination-wrap ultp-disable-editor-click ultp-pagination-ajax-action\"><ul class=\"ultp-pagination\"><li><a href=\"#\" class=\"ultp-prev-page-numbers\"><svg enable-background=\"new 0 0 477.175 477.175\" version=\"1.1\" viewbox=\"0 0 477.18 477.18\"><path d=\"m145.19 238.58 215.5-215.5c5.3-5.3 5.3-13.8 0-19.1s-13.8-5.3-19.1 0l-225.1 225.1c-5.3 5.3-5.3 13.8 0 19.1l225.1 225c2.6 2.6 6.1 4 9.5 4s6.9-1.3 9.5-4c5.3-5.3 5.3-13.8 0-19.1l-215.4-215.5z\"><\/path><\/svg><\/a><\/li><li><a href=\"#\">1<\/a><\/li><li><a href=\"#\">2<\/a><\/li><li><a href=\"#\">3<\/a><\/li><li><a href=\"#\" class=\"ultp-next-page-numbers\"><svg enable-background=\"new 0 0 477.175 477.175\" version=\"1.1\" viewbox=\"0 0 477.18 477.18\"><path d=\"m360.73 229.08-225.1-225.1c-5.3-5.3-13.8-5.3-19.1 0s-5.3 13.8 0 19.1l215.5 215.5-215.5 215.5c-5.3 5.3-5.3 13.8 0 19.1 2.6 2.6 6.1 4 9.5 4s6.9-1.3 9.5-4l225.1-225.1c5.3-5.2 5.3-13.8 0.1-19z\"><\/path><\/svg><\/a><\/li><\/ul><\/div><\/div>\n<\/div>\n<\/div>\n\n\n\n<div class=\"wp-block-column eplus-wrapper is-layout-flow wp-block-column-is-layout-flow\">\n<div class=\"wp-block-ultimate-post-post-grid-parent ultp-post-grid-parent\" data-postid=\"884\" data-grids='[{\"blockId\":\"97471b\",\"name\":\"ultimate-post_post-grid-1\"}]' data-pagi='[\"ultp-block-51a23c\"]'><div class=\"ultp-post-grid-block wp-block-ultimate-post-post-grid-1 ultp-block-97471b\"><div class=\"ultp-block-wrapper\"><div class=\"ultp-loading\"><div class=\"ultp-loading-blocks\" style=\"width:100%;height:100%;\"><div style=\"left: 0;top: 0;animation-delay:0s;\"><\/div><div style=\"left: 21px;top: 0;animation-delay:0.125s;\"><\/div><div style=\"left: 42px;top: 0;animation-delay:0.25s;\"><\/div><div style=\"left: 0;top: 21px;animation-delay:0.875s;\"><\/div><div style=\"left: 42px;top: 21px;animation-delay:0.375s;\"><\/div><div style=\"left: 0;top: 42px;animation-delay:0.75s;\"><\/div><div style=\"left: 42px;top: 42px;animation-delay:0.625s;\"><\/div><div style=\"left: 21px;top: 42px;animation-delay:0.5s;\"><\/div><\/div><\/div><div class=\"ultp-block-items-wrap ultp-block-row ultp-pg1a-style1 ultp-grid1-responsive ultp-block-column-1 ultp-sm-column-2 ultp-xs-column-1 ultp-layout1\"><div class=\"ultp-block-item post-id-4458\"><div class=\"ultp-block-content-wrap\"><div class=\"ultp-block-image ultp-block-image-opacity\"><a href=\"https:\/\/energeticar.hr\/index.php\/2025\/06\/24\/strucna-ekskurzija-sesib-a-u-2025-godini-budimpesta-balaton\/\"><img decoding=\"async\" class=\"ultp-block-image-content\" alt=\"Stru\u010dna ekskurzija SESIB-a u 2025. godini Budimpe\u0161ta \u2013 Balaton\" src=\"https:\/\/energeticar.hr\/wp-content\/uploads\/2025\/06\/IMG_20250614_153633-scaled.jpg\"><\/a><\/div><div class=\"ultp-block-content\"><h3 class=\"ultp-block-title \"><a href=\"https:\/\/energeticar.hr\/index.php\/2025\/06\/24\/strucna-ekskurzija-sesib-a-u-2025-godini-budimpesta-balaton\/\">Stru\u010dna ekskurzija SESIB-a u 2025. godini Budimpe\u0161ta \u2013 Balaton<\/a><\/h3><div class=\"ultp-block-excerpt\"><p>Stru\u010dna ekskurzija Saveza energeti\u010dara Slavonije i Baranje u 2025. godini\u2026<\/p>\n<\/div><div class=\"ultp-block-readmore\"><a aria-label=\"Stru\u010dna ekskurzija SESIB-a u 2025. godini Budimpe\u0161ta \u2013 Balaton\" href=\"https:\/\/energeticar.hr\/index.php\/2025\/06\/24\/strucna-ekskurzija-sesib-a-u-2025-godini-budimpesta-balaton\/\">Vi\u0161e o tome<\/a><\/div><\/div><\/div><\/div><div class=\"ultp-block-item post-id-3044\"><div class=\"ultp-block-content-wrap\"><div class=\"ultp-block-image ultp-block-image-opacity\"><a href=\"https:\/\/energeticar.hr\/index.php\/2024\/06\/20\/strucna-ekskurzija-sesib-a-u-2024-godini-hidroelektrana-senj\/\"><img decoding=\"async\" class=\"ultp-block-image-content\" alt=\"Stru\u010dna ekskurzija SESIB-a u 2024. godini Hidroelektrana Senj\" src=\"https:\/\/energeticar.hr\/wp-content\/uploads\/2024\/06\/IMG-7727977b1fb78d313fb45e3911a53750-V.jpg\"><\/a><\/div><div class=\"ultp-block-content\"><h3 class=\"ultp-block-title \"><a href=\"https:\/\/energeticar.hr\/index.php\/2024\/06\/20\/strucna-ekskurzija-sesib-a-u-2024-godini-hidroelektrana-senj\/\">Stru\u010dna ekskurzija SESIB-a u 2024. godini Hidroelektrana Senj<\/a><\/h3><div class=\"ultp-block-excerpt\"><p>Stru\u010dna ekskurzija SESIB-a u 2024. godini u Hidroelektranu Senj Stru\u010dnom\u2026<\/p>\n<\/div><div class=\"ultp-block-readmore\"><a aria-label=\"Stru\u010dna ekskurzija SESIB-a u 2024. godini Hidroelektrana Senj\" href=\"https:\/\/energeticar.hr\/index.php\/2024\/06\/20\/strucna-ekskurzija-sesib-a-u-2024-godini-hidroelektrana-senj\/\">Vi\u0161e o tome<\/a><\/div><\/div><\/div><\/div><div class=\"ultp-block-item post-id-2821\"><div class=\"ultp-block-content-wrap\"><div class=\"ultp-block-image ultp-block-image-opacity\"><a href=\"https:\/\/energeticar.hr\/index.php\/2023\/05\/20\/strucno-ekskurzija-sesib-a-u-2023\/\"><img decoding=\"async\" class=\"ultp-block-image-content\" alt=\"Stru\u010dna ekskurzija SESIB-a u 2023. godini Memorijalni centar Nikole Tesle u Smiljanu\" src=\"https:\/\/energeticar.hr\/wp-content\/uploads\/2023\/05\/eksurzija-2023.jpg\"><\/a><\/div><div class=\"ultp-block-content\"><h3 class=\"ultp-block-title \"><a href=\"https:\/\/energeticar.hr\/index.php\/2023\/05\/20\/strucno-ekskurzija-sesib-a-u-2023\/\">Stru\u010dna ekskurzija SESIB-a u 2023. godini Memorijalni centar Nikole Tesle u Smiljanu<\/a><\/h3><div class=\"ultp-block-excerpt\"><p>Stru\u010dna ekskurzija SESIB-a u 2023. godini u Memorijalni centar Nikole\u2026<\/p>\n<\/div><div class=\"ultp-block-readmore\"><a aria-label=\"Stru\u010dna ekskurzija SESIB-a u 2023. godini Memorijalni centar Nikole Tesle u Smiljanu\" href=\"https:\/\/energeticar.hr\/index.php\/2023\/05\/20\/strucno-ekskurzija-sesib-a-u-2023\/\">Vi\u0161e o tome<\/a><\/div><\/div><\/div><\/div><\/div><\/div><div class=\"pagination-block-html\" aria-hidden=\"true\" style=\"display: none;\"><div class=\"ultp-pagination-wrap ultp-pagination-ajax-action\" data-for=\"ultp-block-97471b\" data-blockid=\"97471b\" data-expost=\"\" data-paged=\"1\" data-pages=\"6\" data-blockname=\"ultimate-post_post-grid-1\" data-postid=\"884\" data-selfpostid=\"yes\"><ul class=\"ultp-pagination\"><li class=\"ultp-prev-page-numbers\" style=\"display:none\"><a href=\"https:\/\/energeticar.hr\/index.php\/wp-json\/wp\/v2\/pages\/884\/\"><svg xmlns=\"http:\/\/www.w3.org\/2000\/svg\" fill=\"none\" viewbox=\"0 0 24 24\">\n  <path stroke=\"currentColor\" stroke-linecap=\"round\" stroke-linejoin=\"round\" stroke-width=\"1.5\" d=\"m15 18-6-6 6-6\"><\/path>\n<\/svg>\n <\/a><\/li><li class=\"ultp-first-pages\" style=\"display:none\" data-current=\"1\"><a href=\"https:\/\/energeticar.hr\/index.php\/wp-json\/wp\/v2\/pages\/884\/\">1<\/a><\/li><li class=\"ultp-first-dot\" style=\"display:none\"><a href=\"#\">&#8230;<\/a><\/li><li class=\"ultp-center-item pagination-active\" data-current=\"1\"><a href=\"https:\/\/energeticar.hr\/index.php\/wp-json\/wp\/v2\/pages\/884\/\">1<\/a><\/li><li class=\"ultp-center-item\" data-current=\"2\"><a href=\"https:\/\/energeticar.hr\/index.php\/wp-json\/wp\/v2\/pages\/884\/page\/2\/\">2<\/a><\/li><li class=\"ultp-center-item\" data-current=\"3\"><a href=\"https:\/\/energeticar.hr\/index.php\/wp-json\/wp\/v2\/pages\/884\/page\/3\/\">3<\/a><\/li><li class=\"ultp-last-dot\"><a href=\"#\">&#8230;<\/a><\/li><li class=\"ultp-last-pages\" data-current=\"6\"><a href=\"https:\/\/energeticar.hr\/index.php\/wp-json\/wp\/v2\/pages\/884\/page\/6\/\">6<\/a><\/li><li class=\"ultp-next-page-numbers\"><a href=\"https:\/\/energeticar.hr\/index.php\/wp-json\/wp\/v2\/pages\/884\/page\/2\/\"><svg xmlns=\"http:\/\/www.w3.org\/2000\/svg\" fill=\"none\" viewbox=\"0 0 24 24\">\n  <path stroke=\"currentColor\" stroke-linecap=\"round\" stroke-linejoin=\"round\" stroke-width=\"1.5\" d=\"m9 18 6-6-6-6\"><\/path>\n<\/svg>\n<\/a><\/li><\/ul><\/div><\/div><\/div>\n\n\n<div class=\"wp-block-ultimate-post-post-pagination ultp-block-51a23c ultp-pagination-block ultp-pagination-wrap\"><div class=\"ultp-pagination-wrap ultp-disable-editor-click ultp-pagination-ajax-action\"><ul class=\"ultp-pagination\"><li><a href=\"#\" class=\"ultp-prev-page-numbers\"><svg enable-background=\"new 0 0 477.175 477.175\" version=\"1.1\" viewbox=\"0 0 477.18 477.18\"><path d=\"m145.19 238.58 215.5-215.5c5.3-5.3 5.3-13.8 0-19.1s-13.8-5.3-19.1 0l-225.1 225.1c-5.3 5.3-5.3 13.8 0 19.1l225.1 225c2.6 2.6 6.1 4 9.5 4s6.9-1.3 9.5-4c5.3-5.3 5.3-13.8 0-19.1l-215.4-215.5z\"><\/path><\/svg><\/a><\/li><li><a href=\"#\">1<\/a><\/li><li><a href=\"#\">2<\/a><\/li><li><a href=\"#\">3<\/a><\/li><li><a href=\"#\" class=\"ultp-next-page-numbers\"><svg enable-background=\"new 0 0 477.175 477.175\" version=\"1.1\" viewbox=\"0 0 477.18 477.18\"><path d=\"m360.73 229.08-225.1-225.1c-5.3-5.3-13.8-5.3-19.1 0s-5.3 13.8 0 19.1l215.5 215.5-215.5 215.5c-5.3 5.3-5.3 13.8 0 19.1 2.6 2.6 6.1 4 9.5 4s6.9-1.3 9.5-4l225.1-225.1c5.3-5.2 5.3-13.8 0.1-19z\"><\/path><\/svg><\/a><\/li><\/ul><\/div><\/div>\n<\/div>\n<\/div>\n\n\n\n<div class=\"wp-block-column eplus-wrapper is-layout-flow wp-block-column-is-layout-flow\">\n<div class=\"wp-block-ultimate-post-post-grid-parent ultp-post-grid-parent\" data-postid=\"884\" data-grids='[{\"blockId\":\"07b92f\",\"name\":\"ultimate-post_post-grid-1\"}]' data-pagi='[\"ultp-block-368364\"]'><div class=\"ultp-post-grid-block wp-block-ultimate-post-post-grid-1 ultp-block-07b92f\"><div class=\"ultp-block-wrapper\"><div class=\"ultp-loading\"><div class=\"ultp-loading-blocks\" style=\"width:100%;height:100%;\"><div style=\"left: 0;top: 0;animation-delay:0s;\"><\/div><div style=\"left: 21px;top: 0;animation-delay:0.125s;\"><\/div><div style=\"left: 42px;top: 0;animation-delay:0.25s;\"><\/div><div style=\"left: 0;top: 21px;animation-delay:0.875s;\"><\/div><div style=\"left: 42px;top: 21px;animation-delay:0.375s;\"><\/div><div style=\"left: 0;top: 42px;animation-delay:0.75s;\"><\/div><div style=\"left: 42px;top: 42px;animation-delay:0.625s;\"><\/div><div style=\"left: 21px;top: 42px;animation-delay:0.5s;\"><\/div><\/div><\/div><div class=\"ultp-block-items-wrap ultp-block-row ultp-pg1a-style1 ultp-grid1-responsive ultp-block-column-1 ultp-sm-column-2 ultp-xs-column-1 ultp-layout1\"><div class=\"ultp-block-item post-id-4422\"><div class=\"ultp-block-content-wrap\"><div class=\"ultp-block-image ultp-block-image-opacity\"><a href=\"https:\/\/energeticar.hr\/index.php\/2025\/06\/03\/22-susreti-energeticara-slavonije-i-baranje-pozega-2025-godine\/\"><img decoding=\"async\" class=\"ultp-block-image-content\" alt=\"22. Susret energeti\u010dara Slavonije i Baranje Po\u017eega, 2025. godine\" src=\"https:\/\/energeticar.hr\/wp-content\/uploads\/2025\/06\/20250603_133954.jpg\"><\/a><\/div><div class=\"ultp-block-content\"><h3 class=\"ultp-block-title \"><a href=\"https:\/\/energeticar.hr\/index.php\/2025\/06\/03\/22-susreti-energeticara-slavonije-i-baranje-pozega-2025-godine\/\">22. Susret energeti\u010dara Slavonije i Baranje Po\u017eega, 2025. godine<\/a><\/h3><div class=\"ultp-block-excerpt\"><p>22. Susret energeti\u010dara Slavonije i BaranjePo\u017eega, 2025. godine Godi\u0161nji Susret\u2026<\/p>\n<\/div><div class=\"ultp-block-readmore\"><a aria-label=\"22. Susret energeti\u010dara Slavonije i Baranje Po\u017eega, 2025. godine\" href=\"https:\/\/energeticar.hr\/index.php\/2025\/06\/03\/22-susreti-energeticara-slavonije-i-baranje-pozega-2025-godine\/\">Vi\u0161e o tome<\/a><\/div><\/div><\/div><\/div><div class=\"ultp-block-item post-id-2890\"><div class=\"ultp-block-content-wrap\"><div class=\"ultp-block-image ultp-block-image-opacity\"><a href=\"https:\/\/energeticar.hr\/index.php\/2024\/05\/25\/21-susreti-energeticara-slavonije-i-baranje-slavonski-brod-2024-godine\/\"><img decoding=\"async\" class=\"ultp-block-image-content\" alt=\"21. Susret energeti\u010dara Slavonije i Baranje Slavonski Brod, 2024. godine\" src=\"https:\/\/energeticar.hr\/wp-content\/uploads\/2024\/05\/21.-Susreti-energeticara-Slavonije-i-Baranje-Slavonski-Brod-2024.-godine-1.jpg\"><\/a><\/div><div class=\"ultp-block-content\"><h3 class=\"ultp-block-title \"><a href=\"https:\/\/energeticar.hr\/index.php\/2024\/05\/25\/21-susreti-energeticara-slavonije-i-baranje-slavonski-brod-2024-godine\/\">21. Susret energeti\u010dara Slavonije i Baranje Slavonski Brod, 2024. godine<\/a><\/h3><div class=\"ultp-block-excerpt\"><p>21. Susret energeti\u010dara Slavonije i BaranjeSlavonski Brod, 2024. godine Godi\u0161nji\u2026<\/p>\n<\/div><div class=\"ultp-block-readmore\"><a aria-label=\"21. Susret energeti\u010dara Slavonije i Baranje Slavonski Brod, 2024. godine\" href=\"https:\/\/energeticar.hr\/index.php\/2024\/05\/25\/21-susreti-energeticara-slavonije-i-baranje-slavonski-brod-2024-godine\/\">Vi\u0161e o tome<\/a><\/div><\/div><\/div><\/div><div class=\"ultp-block-item post-id-2848\"><div class=\"ultp-block-content-wrap\"><div class=\"ultp-block-image ultp-block-image-opacity\"><a href=\"https:\/\/energeticar.hr\/index.php\/2023\/05\/20\/20-susreti-energeticara-slavonije-i-baranje-osijek-2023-godine\/\"><img decoding=\"async\" class=\"ultp-block-image-content\" alt=\"20. Susret energeti\u010dara Slavonije i Baranje Osijek, 2023. godine\" src=\"https:\/\/energeticar.hr\/wp-content\/uploads\/2023\/05\/20240730_140830.jpg\"><\/a><\/div><div class=\"ultp-block-content\"><h3 class=\"ultp-block-title \"><a href=\"https:\/\/energeticar.hr\/index.php\/2023\/05\/20\/20-susreti-energeticara-slavonije-i-baranje-osijek-2023-godine\/\">20. Susret energeti\u010dara Slavonije i Baranje Osijek, 2023. godine<\/a><\/h3><div class=\"ultp-block-excerpt\"><p>Dru\u0161tvo energeti\u010dara Osijek i Dru\u0161tvo energeti\u010dara Tvornica \u0161e\u0107era Osijek organizirali\u2026<\/p>\n<\/div><div class=\"ultp-block-readmore\"><a aria-label=\"20. Susret energeti\u010dara Slavonije i Baranje Osijek, 2023. godine\" href=\"https:\/\/energeticar.hr\/index.php\/2023\/05\/20\/20-susreti-energeticara-slavonije-i-baranje-osijek-2023-godine\/\">Vi\u0161e o tome<\/a><\/div><\/div><\/div><\/div><\/div><\/div><div class=\"pagination-block-html\" aria-hidden=\"true\" style=\"display: none;\"><div class=\"ultp-pagination-wrap ultp-pagination-ajax-action\" data-for=\"ultp-block-07b92f\" data-blockid=\"07b92f\" data-expost=\"\" data-paged=\"1\" data-pages=\"8\" data-blockname=\"ultimate-post_post-grid-1\" data-postid=\"884\" data-selfpostid=\"yes\"><ul class=\"ultp-pagination\"><li class=\"ultp-prev-page-numbers\" style=\"display:none\"><a href=\"https:\/\/energeticar.hr\/index.php\/wp-json\/wp\/v2\/pages\/884\/\"><svg xmlns=\"http:\/\/www.w3.org\/2000\/svg\" fill=\"none\" viewbox=\"0 0 24 24\">\n  <path stroke=\"currentColor\" stroke-linecap=\"round\" stroke-linejoin=\"round\" stroke-width=\"1.5\" d=\"m15 18-6-6 6-6\"><\/path>\n<\/svg>\n <\/a><\/li><li class=\"ultp-first-pages\" style=\"display:none\" data-current=\"1\"><a href=\"https:\/\/energeticar.hr\/index.php\/wp-json\/wp\/v2\/pages\/884\/\">1<\/a><\/li><li class=\"ultp-first-dot\" style=\"display:none\"><a href=\"#\">&#8230;<\/a><\/li><li class=\"ultp-center-item pagination-active\" data-current=\"1\"><a href=\"https:\/\/energeticar.hr\/index.php\/wp-json\/wp\/v2\/pages\/884\/\">1<\/a><\/li><li class=\"ultp-center-item\" data-current=\"2\"><a href=\"https:\/\/energeticar.hr\/index.php\/wp-json\/wp\/v2\/pages\/884\/page\/2\/\">2<\/a><\/li><li class=\"ultp-center-item\" data-current=\"3\"><a href=\"https:\/\/energeticar.hr\/index.php\/wp-json\/wp\/v2\/pages\/884\/page\/3\/\">3<\/a><\/li><li class=\"ultp-last-dot\"><a href=\"#\">&#8230;<\/a><\/li><li class=\"ultp-last-pages\" data-current=\"8\"><a href=\"https:\/\/energeticar.hr\/index.php\/wp-json\/wp\/v2\/pages\/884\/page\/8\/\">8<\/a><\/li><li class=\"ultp-next-page-numbers\"><a href=\"https:\/\/energeticar.hr\/index.php\/wp-json\/wp\/v2\/pages\/884\/page\/2\/\"><svg xmlns=\"http:\/\/www.w3.org\/2000\/svg\" fill=\"none\" viewbox=\"0 0 24 24\">\n  <path stroke=\"currentColor\" stroke-linecap=\"round\" stroke-linejoin=\"round\" stroke-width=\"1.5\" d=\"m9 18 6-6-6-6\"><\/path>\n<\/svg>\n<\/a><\/li><\/ul><\/div><\/div><\/div>\n\n\n<div class=\"wp-block-ultimate-post-post-pagination ultp-block-368364 ultp-pagination-block ultp-pagination-wrap\"><div class=\"ultp-pagination-wrap ultp-disable-editor-click ultp-pagination-ajax-action\"><ul class=\"ultp-pagination\"><li><a href=\"#\" class=\"ultp-prev-page-numbers\"><svg enable-background=\"new 0 0 477.175 477.175\" version=\"1.1\" viewbox=\"0 0 477.18 477.18\"><path d=\"m145.19 238.58 215.5-215.5c5.3-5.3 5.3-13.8 0-19.1s-13.8-5.3-19.1 0l-225.1 225.1c-5.3 5.3-5.3 13.8 0 19.1l225.1 225c2.6 2.6 6.1 4 9.5 4s6.9-1.3 9.5-4c5.3-5.3 5.3-13.8 0-19.1l-215.4-215.5z\"><\/path><\/svg><\/a><\/li><li><a href=\"#\">1<\/a><\/li><li><a href=\"#\">2<\/a><\/li><li><a href=\"#\">3<\/a><\/li><li><a href=\"#\" class=\"ultp-next-page-numbers\"><svg enable-background=\"new 0 0 477.175 477.175\" version=\"1.1\" viewbox=\"0 0 477.18 477.18\"><path d=\"m360.73 229.08-225.1-225.1c-5.3-5.3-13.8-5.3-19.1 0s-5.3 13.8 0 19.1l215.5 215.5-215.5 215.5c-5.3 5.3-5.3 13.8 0 19.1 2.6 2.6 6.1 4 9.5 4s6.9-1.3 9.5-4l225.1-225.1c5.3-5.2 5.3-13.8 0.1-19z\"><\/path><\/svg><\/a><\/li><\/ul><\/div><\/div>\n<\/div>\n<\/div>\n<\/div>\n\n\n<hr class=\" wp-block-separator has-alpha-channel-opacity eplus-wrapper\"\/>\n\n\n<div class=\"wp-block-columns are-vertically-aligned-top is-not-stacked-on-mobile eplus-wrapper is-layout-flex wp-container-core-columns-is-layout-9d6595d7 wp-block-columns-is-layout-flex eplus-styles-uid-422001\">\n<div class=\"wp-block-column is-vertically-aligned-top eplus-wrapper is-layout-flow wp-block-column-is-layout-flow\"><h3 class=\"wp-block-heading has-accent-color has-text-color has-link-color eplus-wrapper wp-elements-84eb563e49a15e823924a2d84d1607bb eplus-styles-uid-cfa858\"><strong>Sjednice Skup\u0161tine i Upravnog odbora SESIB-a<\/strong><\/h3><\/div>\n\n\n\n<div class=\"wp-block-column is-vertically-aligned-top eplus-wrapper is-layout-flow wp-block-column-is-layout-flow\"><h3 class=\"wp-block-heading has-accent-color has-text-color has-link-color eplus-wrapper wp-elements-8a4fa1e614a63fbbeca3836348b8c55d eplus-styles-uid-cfa858\"><strong>Razno<\/strong><\/h3><\/div>\n\n\n\n<div class=\"wp-block-column is-vertically-aligned-top eplus-wrapper is-layout-flow wp-block-column-is-layout-flow\"><\/div>\n<\/div>\n\n<div class=\"wp-block-columns is-not-stacked-on-mobile eplus-wrapper is-layout-flex wp-container-core-columns-is-layout-9d6595d7 wp-block-columns-is-layout-flex eplus-styles-uid-08e519\">\n<div class=\"wp-block-column eplus-wrapper is-layout-flow wp-block-column-is-layout-flow\">\n<div class=\"wp-block-ultimate-post-post-grid-parent ultp-post-grid-parent\" data-postid=\"884\" data-grids='[{\"blockId\":\"42224b\",\"name\":\"ultimate-post_post-grid-1\"}]' data-pagi='[\"ultp-block-30f946\"]'><div class=\"ultp-post-grid-block wp-block-ultimate-post-post-grid-1 ultp-block-42224b\"><div class=\"ultp-block-wrapper\"><div class=\"ultp-loading\"><div class=\"ultp-loading-blocks\" style=\"width:100%;height:100%;\"><div style=\"left: 0;top: 0;animation-delay:0s;\"><\/div><div style=\"left: 21px;top: 0;animation-delay:0.125s;\"><\/div><div style=\"left: 42px;top: 0;animation-delay:0.25s;\"><\/div><div style=\"left: 0;top: 21px;animation-delay:0.875s;\"><\/div><div style=\"left: 42px;top: 21px;animation-delay:0.375s;\"><\/div><div style=\"left: 0;top: 42px;animation-delay:0.75s;\"><\/div><div style=\"left: 42px;top: 42px;animation-delay:0.625s;\"><\/div><div style=\"left: 21px;top: 42px;animation-delay:0.5s;\"><\/div><\/div><\/div><div class=\"ultp-block-items-wrap ultp-block-row ultp-pg1a-style1 ultp-grid1-responsive ultp-block-column-1 ultp-sm-column-2 ultp-xs-column-1 ultp-layout1\"><div class=\"ultp-block-item post-id-4733\"><div class=\"ultp-block-content-wrap\"><div class=\"ultp-block-image ultp-block-image-opacity\"><a href=\"https:\/\/energeticar.hr\/index.php\/2025\/12\/12\/sjednica-redovne-skupstine-saveza-energeticara-slavonije-i-baranje-06-12-2025\/\"><img decoding=\"async\" class=\"ultp-block-image-content\" alt=\"Sjednica redovne Skup\u0161tine Saveza energeti\u010dara Slavonije i Baranje 06.12.2025.\" src=\"https:\/\/energeticar.hr\/wp-content\/uploads\/2025\/12\/IMG-8b36a5c967ece330d213554776bb09f7-V-870x570.jpg\"><\/a><\/div><div class=\"ultp-block-content\"><h3 class=\"ultp-block-title \"><a href=\"https:\/\/energeticar.hr\/index.php\/2025\/12\/12\/sjednica-redovne-skupstine-saveza-energeticara-slavonije-i-baranje-06-12-2025\/\">Sjednica redovne Skup\u0161tine Saveza energeti\u010dara Slavonije i Baranje 06.12.2025.<\/a><\/h3><div class=\"ultp-block-excerpt\"><p>Sjednica redovne Skup\u0161tine Saveza energeti\u010dara Slavonije i Baranje odr\u017eana je\u2026<\/p>\n<\/div><div class=\"ultp-block-readmore\"><a aria-label=\"Sjednica redovne Skup\u0161tine Saveza energeti\u010dara Slavonije i Baranje 06.12.2025.\" href=\"https:\/\/energeticar.hr\/index.php\/2025\/12\/12\/sjednica-redovne-skupstine-saveza-energeticara-slavonije-i-baranje-06-12-2025\/\">Vi\u0161e o tome<\/a><\/div><\/div><\/div><\/div><div class=\"ultp-block-item post-id-4714\"><div class=\"ultp-block-content-wrap\"><div class=\"ultp-block-image ultp-block-image-opacity\"><a href=\"https:\/\/energeticar.hr\/index.php\/2025\/12\/12\/sjednica-upravnog-odbora-sesib-a-22-11-2025\/\"><img decoding=\"async\" class=\"ultp-block-image-content\" alt=\"Sjednica Upravnog odbora SESIB-a 22.11.2025.\" src=\"https:\/\/energeticar.hr\/wp-content\/uploads\/2025\/12\/IMG-0218092e344ae0b8d8e2655082553e87-V-870x570.jpg\"><\/a><\/div><div class=\"ultp-block-content\"><h3 class=\"ultp-block-title \"><a href=\"https:\/\/energeticar.hr\/index.php\/2025\/12\/12\/sjednica-upravnog-odbora-sesib-a-22-11-2025\/\">Sjednica Upravnog odbora SESIB-a 22.11.2025.<\/a><\/h3><div class=\"ultp-block-excerpt\"><p>Upravni odbor Saveza energeti\u010dara Slavonije i Baranje odr\u017eao je sjednicu\u2026<\/p>\n<\/div><div class=\"ultp-block-readmore\"><a aria-label=\"Sjednica Upravnog odbora SESIB-a 22.11.2025.\" href=\"https:\/\/energeticar.hr\/index.php\/2025\/12\/12\/sjednica-upravnog-odbora-sesib-a-22-11-2025\/\">Vi\u0161e o tome<\/a><\/div><\/div><\/div><\/div><div class=\"ultp-block-item post-id-4441\"><div class=\"ultp-block-content-wrap\"><div class=\"ultp-block-image ultp-block-image-opacity\"><a href=\"https:\/\/energeticar.hr\/index.php\/2025\/06\/24\/sjednica-upravnog-odbora-sesib-a-07-06-2025\/\"><img decoding=\"async\" class=\"ultp-block-image-content\" alt=\"Sjednica Upravnog odbora SESIB-a 07.06.2025.\" src=\"https:\/\/energeticar.hr\/wp-content\/uploads\/2025\/06\/viber_image_2025-06-23_12-45-25-086.jpg\"><\/a><\/div><div class=\"ultp-block-content\"><h3 class=\"ultp-block-title \"><a href=\"https:\/\/energeticar.hr\/index.php\/2025\/06\/24\/sjednica-upravnog-odbora-sesib-a-07-06-2025\/\">Sjednica Upravnog odbora SESIB-a 07.06.2025.<\/a><\/h3><div class=\"ultp-block-excerpt\"><p>Upravni odbor Saveza energeti\u010dara Slavonije i Baranje odr\u017eao je 07.06.2025.\u2026<\/p>\n<\/div><div class=\"ultp-block-readmore\"><a aria-label=\"Sjednica Upravnog odbora SESIB-a 07.06.2025.\" href=\"https:\/\/energeticar.hr\/index.php\/2025\/06\/24\/sjednica-upravnog-odbora-sesib-a-07-06-2025\/\">Vi\u0161e o tome<\/a><\/div><\/div><\/div><\/div><\/div><\/div><div class=\"pagination-block-html\" aria-hidden=\"true\" style=\"display: none;\"><div class=\"ultp-pagination-wrap ultp-pagination-ajax-action\" data-for=\"ultp-block-42224b\" data-blockid=\"42224b\" data-expost=\"\" data-paged=\"1\" data-pages=\"4\" data-blockname=\"ultimate-post_post-grid-1\" data-postid=\"884\" data-selfpostid=\"yes\"><ul class=\"ultp-pagination\"><li class=\"ultp-prev-page-numbers\" style=\"display:none\"><a href=\"https:\/\/energeticar.hr\/index.php\/wp-json\/wp\/v2\/pages\/884\/\"><svg xmlns=\"http:\/\/www.w3.org\/2000\/svg\" fill=\"none\" viewbox=\"0 0 24 24\">\n  <path stroke=\"currentColor\" stroke-linecap=\"round\" stroke-linejoin=\"round\" stroke-width=\"1.5\" d=\"m15 18-6-6 6-6\"><\/path>\n<\/svg>\n <\/a><\/li><li class=\"ultp-first-pages\" style=\"display:none\" data-current=\"1\"><a href=\"https:\/\/energeticar.hr\/index.php\/wp-json\/wp\/v2\/pages\/884\/\">1<\/a><\/li><li class=\"ultp-center-item pagination-active\" data-current=\"1\"><a href=\"https:\/\/energeticar.hr\/index.php\/wp-json\/wp\/v2\/pages\/884\/\">1<\/a><\/li><li class=\"ultp-center-item\" data-current=\"2\"><a href=\"https:\/\/energeticar.hr\/index.php\/wp-json\/wp\/v2\/pages\/884\/page\/2\/\">2<\/a><\/li><li class=\"ultp-center-item\" data-current=\"3\"><a href=\"https:\/\/energeticar.hr\/index.php\/wp-json\/wp\/v2\/pages\/884\/page\/3\/\">3<\/a><\/li><li class=\"ultp-last-dot\"><a href=\"#\">&#8230;<\/a><\/li><li class=\"ultp-last-pages\" data-current=\"4\"><a href=\"https:\/\/energeticar.hr\/index.php\/wp-json\/wp\/v2\/pages\/884\/page\/4\/\">4<\/a><\/li><li class=\"ultp-next-page-numbers\"><a href=\"https:\/\/energeticar.hr\/index.php\/wp-json\/wp\/v2\/pages\/884\/page\/2\/\"><svg xmlns=\"http:\/\/www.w3.org\/2000\/svg\" fill=\"none\" viewbox=\"0 0 24 24\">\n  <path stroke=\"currentColor\" stroke-linecap=\"round\" stroke-linejoin=\"round\" stroke-width=\"1.5\" d=\"m9 18 6-6-6-6\"><\/path>\n<\/svg>\n<\/a><\/li><\/ul><\/div><\/div><\/div>\n\n\n<div class=\"wp-block-ultimate-post-post-pagination ultp-block-30f946 ultp-pagination-block ultp-pagination-wrap\"><div class=\"ultp-pagination-wrap ultp-disable-editor-click ultp-pagination-ajax-action\"><ul class=\"ultp-pagination\"><li><a href=\"#\" class=\"ultp-prev-page-numbers\"><svg enable-background=\"new 0 0 477.175 477.175\" version=\"1.1\" viewbox=\"0 0 477.18 477.18\"><path d=\"m145.19 238.58 215.5-215.5c5.3-5.3 5.3-13.8 0-19.1s-13.8-5.3-19.1 0l-225.1 225.1c-5.3 5.3-5.3 13.8 0 19.1l225.1 225c2.6 2.6 6.1 4 9.5 4s6.9-1.3 9.5-4c5.3-5.3 5.3-13.8 0-19.1l-215.4-215.5z\"><\/path><\/svg><\/a><\/li><li><a href=\"#\">1<\/a><\/li><li><a href=\"#\">2<\/a><\/li><li><a href=\"#\">3<\/a><\/li><li><a href=\"#\" class=\"ultp-next-page-numbers\"><svg enable-background=\"new 0 0 477.175 477.175\" version=\"1.1\" viewbox=\"0 0 477.18 477.18\"><path d=\"m360.73 229.08-225.1-225.1c-5.3-5.3-13.8-5.3-19.1 0s-5.3 13.8 0 19.1l215.5 215.5-215.5 215.5c-5.3 5.3-5.3 13.8 0 19.1 2.6 2.6 6.1 4 9.5 4s6.9-1.3 9.5-4l225.1-225.1c5.3-5.2 5.3-13.8 0.1-19z\"><\/path><\/svg><\/a><\/li><\/ul><\/div><\/div>\n<\/div>\n<\/div>\n\n\n\n<div class=\"wp-block-column eplus-wrapper is-layout-flow wp-block-column-is-layout-flow\">\n<div class=\"wp-block-ultimate-post-post-grid-parent ultp-post-grid-parent\" data-postid=\"884\" data-grids='[{\"blockId\":\"8934bd\",\"name\":\"ultimate-post_post-grid-1\"}]' data-pagi='[\"ultp-block-8713f7\"]'><div class=\"ultp-post-grid-block wp-block-ultimate-post-post-grid-1 ultp-block-8934bd\"><div class=\"ultp-block-wrapper\"><div class=\"ultp-loading\"><div class=\"ultp-loading-blocks\" style=\"width:100%;height:100%;\"><div style=\"left: 0;top: 0;animation-delay:0s;\"><\/div><div style=\"left: 21px;top: 0;animation-delay:0.125s;\"><\/div><div style=\"left: 42px;top: 0;animation-delay:0.25s;\"><\/div><div style=\"left: 0;top: 21px;animation-delay:0.875s;\"><\/div><div style=\"left: 42px;top: 21px;animation-delay:0.375s;\"><\/div><div style=\"left: 0;top: 42px;animation-delay:0.75s;\"><\/div><div style=\"left: 42px;top: 42px;animation-delay:0.625s;\"><\/div><div style=\"left: 21px;top: 42px;animation-delay:0.5s;\"><\/div><\/div><\/div><div class=\"ultp-block-items-wrap ultp-block-row ultp-pg1a-style1 ultp-grid1-responsive ultp-block-column-1 ultp-sm-column-2 ultp-xs-column-1 ultp-layout1\"><div class=\"ultp-block-item post-id-4409\"><div class=\"ultp-block-content-wrap\"><div class=\"ultp-block-image ultp-block-image-opacity\"><a href=\"https:\/\/energeticar.hr\/index.php\/2025\/05\/14\/pripremni-proljetni-tecaj-2025-godine-u-pozegi\/\"><img decoding=\"async\" class=\"ultp-block-image-content\" alt=\"Proljetni Pripremni te\u010daj 2025. godine u Po\u017eegi\" src=\"https:\/\/energeticar.hr\/wp-content\/uploads\/2025\/05\/20250328_181612-scaled.jpg\"><\/a><\/div><div class=\"ultp-block-content\"><h3 class=\"ultp-block-title \"><a href=\"https:\/\/energeticar.hr\/index.php\/2025\/05\/14\/pripremni-proljetni-tecaj-2025-godine-u-pozegi\/\">Proljetni Pripremni te\u010daj 2025. godine u Po\u017eegi<\/a><\/h3><div class=\"ultp-block-excerpt\"><\/div><div class=\"ultp-block-readmore\"><a aria-label=\"Proljetni Pripremni te\u010daj 2025. godine u Po\u017eegi\" href=\"https:\/\/energeticar.hr\/index.php\/2025\/05\/14\/pripremni-proljetni-tecaj-2025-godine-u-pozegi\/\">Vi\u0161e o tome<\/a><\/div><\/div><\/div><\/div><div class=\"ultp-block-item post-id-4400\"><div class=\"ultp-block-content-wrap\"><div class=\"ultp-block-image ultp-block-image-opacity\"><a href=\"https:\/\/energeticar.hr\/index.php\/2025\/05\/14\/pripremni-proljetni-tecaj-2025-godine-u-slavonskom-brodu\/\"><img decoding=\"async\" class=\"ultp-block-image-content\" alt=\"Proljetni Pripremni te\u010daj 2025. godine u Slavonskom Brodu\" src=\"https:\/\/energeticar.hr\/wp-content\/uploads\/2025\/05\/1747067156437.jpg\"><\/a><\/div><div class=\"ultp-block-content\"><h3 class=\"ultp-block-title \"><a href=\"https:\/\/energeticar.hr\/index.php\/2025\/05\/14\/pripremni-proljetni-tecaj-2025-godine-u-slavonskom-brodu\/\">Proljetni Pripremni te\u010daj 2025. godine u Slavonskom Brodu<\/a><\/h3><div class=\"ultp-block-excerpt\"><\/div><div class=\"ultp-block-readmore\"><a aria-label=\"Proljetni Pripremni te\u010daj 2025. godine u Slavonskom Brodu\" href=\"https:\/\/energeticar.hr\/index.php\/2025\/05\/14\/pripremni-proljetni-tecaj-2025-godine-u-slavonskom-brodu\/\">Vi\u0161e o tome<\/a><\/div><\/div><\/div><\/div><div class=\"ultp-block-item post-id-4383\"><div class=\"ultp-block-content-wrap\"><div class=\"ultp-block-image ultp-block-image-opacity\"><a href=\"https:\/\/energeticar.hr\/index.php\/2025\/05\/14\/pripremni-proljetni-tecaj-2025-godine-u-osijeku\/\"><img decoding=\"async\" class=\"ultp-block-image-content\" alt=\"Proljetni Pripremni te\u010daj 2025. godine u Osijeku\" src=\"https:\/\/energeticar.hr\/wp-content\/uploads\/2025\/05\/1747067156404.jpg\"><\/a><\/div><div class=\"ultp-block-content\"><h3 class=\"ultp-block-title \"><a href=\"https:\/\/energeticar.hr\/index.php\/2025\/05\/14\/pripremni-proljetni-tecaj-2025-godine-u-osijeku\/\">Proljetni Pripremni te\u010daj 2025. godine u Osijeku<\/a><\/h3><div class=\"ultp-block-excerpt\"><\/div><div class=\"ultp-block-readmore\"><a aria-label=\"Proljetni Pripremni te\u010daj 2025. godine u Osijeku\" href=\"https:\/\/energeticar.hr\/index.php\/2025\/05\/14\/pripremni-proljetni-tecaj-2025-godine-u-osijeku\/\">Vi\u0161e o tome<\/a><\/div><\/div><\/div><\/div><\/div><\/div><div class=\"pagination-block-html\" aria-hidden=\"true\" style=\"display: none;\"><div class=\"ultp-pagination-wrap ultp-pagination-ajax-action\" data-for=\"ultp-block-8934bd\" data-blockid=\"8934bd\" data-expost=\"\" data-paged=\"1\" data-pages=\"4\" data-blockname=\"ultimate-post_post-grid-1\" data-postid=\"884\" data-selfpostid=\"yes\"><ul class=\"ultp-pagination\"><li class=\"ultp-prev-page-numbers\" style=\"display:none\"><a href=\"https:\/\/energeticar.hr\/index.php\/wp-json\/wp\/v2\/pages\/884\/\"><svg xmlns=\"http:\/\/www.w3.org\/2000\/svg\" fill=\"none\" viewbox=\"0 0 24 24\">\n  <path stroke=\"currentColor\" stroke-linecap=\"round\" stroke-linejoin=\"round\" stroke-width=\"1.5\" d=\"m15 18-6-6 6-6\"><\/path>\n<\/svg>\n <\/a><\/li><li class=\"ultp-first-pages\" style=\"display:none\" data-current=\"1\"><a href=\"https:\/\/energeticar.hr\/index.php\/wp-json\/wp\/v2\/pages\/884\/\">1<\/a><\/li><li class=\"ultp-center-item pagination-active\" data-current=\"1\"><a href=\"https:\/\/energeticar.hr\/index.php\/wp-json\/wp\/v2\/pages\/884\/\">1<\/a><\/li><li class=\"ultp-center-item\" data-current=\"2\"><a href=\"https:\/\/energeticar.hr\/index.php\/wp-json\/wp\/v2\/pages\/884\/page\/2\/\">2<\/a><\/li><li class=\"ultp-center-item\" data-current=\"3\"><a href=\"https:\/\/energeticar.hr\/index.php\/wp-json\/wp\/v2\/pages\/884\/page\/3\/\">3<\/a><\/li><li class=\"ultp-last-dot\"><a href=\"#\">&#8230;<\/a><\/li><li class=\"ultp-last-pages\" data-current=\"4\"><a href=\"https:\/\/energeticar.hr\/index.php\/wp-json\/wp\/v2\/pages\/884\/page\/4\/\">4<\/a><\/li><li class=\"ultp-next-page-numbers\"><a href=\"https:\/\/energeticar.hr\/index.php\/wp-json\/wp\/v2\/pages\/884\/page\/2\/\"><svg xmlns=\"http:\/\/www.w3.org\/2000\/svg\" fill=\"none\" viewbox=\"0 0 24 24\">\n  <path stroke=\"currentColor\" stroke-linecap=\"round\" stroke-linejoin=\"round\" stroke-width=\"1.5\" d=\"m9 18 6-6-6-6\"><\/path>\n<\/svg>\n<\/a><\/li><\/ul><\/div><\/div><\/div>\n\n\n<div class=\"wp-block-ultimate-post-post-pagination ultp-block-8713f7 ultp-pagination-block ultp-pagination-wrap\"><div class=\"ultp-pagination-wrap ultp-disable-editor-click ultp-pagination-ajax-action\"><ul class=\"ultp-pagination\"><li><a href=\"#\" class=\"ultp-prev-page-numbers\"><svg enable-background=\"new 0 0 477.175 477.175\" version=\"1.1\" viewbox=\"0 0 477.18 477.18\"><path d=\"m145.19 238.58 215.5-215.5c5.3-5.3 5.3-13.8 0-19.1s-13.8-5.3-19.1 0l-225.1 225.1c-5.3 5.3-5.3 13.8 0 19.1l225.1 225c2.6 2.6 6.1 4 9.5 4s6.9-1.3 9.5-4c5.3-5.3 5.3-13.8 0-19.1l-215.4-215.5z\"><\/path><\/svg><\/a><\/li><li><a href=\"#\">1<\/a><\/li><li><a href=\"#\">2<\/a><\/li><li><a href=\"#\">3<\/a><\/li><li><a href=\"#\" class=\"ultp-next-page-numbers\"><svg enable-background=\"new 0 0 477.175 477.175\" version=\"1.1\" viewbox=\"0 0 477.18 477.18\"><path d=\"m360.73 229.08-225.1-225.1c-5.3-5.3-13.8-5.3-19.1 0s-5.3 13.8 0 19.1l215.5 215.5-215.5 215.5c-5.3 5.3-5.3 13.8 0 19.1 2.6 2.6 6.1 4 9.5 4s6.9-1.3 9.5-4l225.1-225.1c5.3-5.2 5.3-13.8 0.1-19z\"><\/path><\/svg><\/a><\/li><\/ul><\/div><\/div>\n<\/div>\n<\/div>\n\n\n\n<div class=\"wp-block-column eplus-wrapper is-layout-flow wp-block-column-is-layout-flow\"><\/div>\n<\/div>","protected":false},"excerpt":{"rendered":"<p>Pripremni te\u010dajevi Stru\u010dne ekskurzije SESIB-a Godi\u0161nji susreti energeti\u010dara Slavonije i Baranje Sjednice Skup\u0161tine i Upravnog odbora SESIB-a Razno<\/p>\n","protected":false},"author":1,"featured_media":0,"parent":0,"menu_order":0,"comment_status":"closed","ping_status":"closed","template":"","meta":{"editor_plus_copied_stylings":"{}","footnotes":""},"class_list":["post-884","page","type-page","status-publish"],"yoast_head":"<!-- This site is optimized with the Yoast SEO plugin v26.8 - https:\/\/yoast.com\/product\/yoast-seo-wordpress\/ -->\n<title>Aktualno - Savez energeti\u010dara Slavonije i Baranje<\/title>\n<meta name=\"description\" content=\"Pripremni te\u010dajevi Stru\u010dne ekskurzije SESIB-a Godi\u0161nji susreti energeti\u010dara Slavonije i Baranje 123 123 123 Sjednice Skup\u0161tine i Upravnog odbora SESIB-a\" \/>\n<meta name=\"robots\" content=\"index, follow, max-snippet:-1, max-image-preview:large, max-video-preview:-1\" \/>\n<link rel=\"canonical\" href=\"https:\/\/energeticar.hr\/index.php\/aktualno\/\" \/>\n<meta property=\"og:locale\" content=\"en_US\" \/>\n<meta property=\"og:type\" content=\"article\" \/>\n<meta property=\"og:title\" content=\"Aktualno - Savez energeti\u010dara Slavonije i Baranje\" \/>\n<meta property=\"og:description\" content=\"Pripremni te\u010dajevi Stru\u010dne ekskurzije SESIB-a Godi\u0161nji susreti energeti\u010dara Slavonije i Baranje 123 123 123 Sjednice Skup\u0161tine i Upravnog odbora SESIB-a\" \/>\n<meta property=\"og:url\" content=\"https:\/\/energeticar.hr\/index.php\/aktualno\/\" \/>\n<meta property=\"og:site_name\" content=\"Savez energeti\u010dara Slavonije i Baranje\" \/>\n<meta property=\"article:modified_time\" content=\"2025-12-11T21:31:07+00:00\" \/>\n<meta name=\"twitter:card\" content=\"summary_large_image\" \/>\n<meta name=\"twitter:label1\" content=\"Est. reading time\" \/>\n\t<meta name=\"twitter:data1\" content=\"1 minute\" \/>\n<script type=\"application\/ld+json\" class=\"yoast-schema-graph\">{\"@context\":\"https:\/\/schema.org\",\"@graph\":[{\"@type\":\"WebPage\",\"@id\":\"https:\/\/energeticar.hr\/index.php\/aktualno\/\",\"url\":\"https:\/\/energeticar.hr\/index.php\/aktualno\/\",\"name\":\"Aktualno - Savez energeti\u010dara Slavonije i Baranje\",\"isPartOf\":{\"@id\":\"https:\/\/energeticar.hr\/#website\"},\"datePublished\":\"2024-02-17T06:16:33+00:00\",\"dateModified\":\"2025-12-11T21:31:07+00:00\",\"description\":\"Pripremni te\u010dajevi Stru\u010dne ekskurzije SESIB-a Godi\u0161nji susreti energeti\u010dara Slavonije i Baranje 123 123 123 Sjednice Skup\u0161tine i Upravnog odbora SESIB-a\",\"breadcrumb\":{\"@id\":\"https:\/\/energeticar.hr\/index.php\/aktualno\/#breadcrumb\"},\"inLanguage\":\"en-US\",\"potentialAction\":[{\"@type\":\"ReadAction\",\"target\":[\"https:\/\/energeticar.hr\/index.php\/aktualno\/\"]}]},{\"@type\":\"BreadcrumbList\",\"@id\":\"https:\/\/energeticar.hr\/index.php\/aktualno\/#breadcrumb\",\"itemListElement\":[{\"@type\":\"ListItem\",\"position\":1,\"name\":\"Home\",\"item\":\"https:\/\/energeticar.hr\/\"},{\"@type\":\"ListItem\",\"position\":2,\"name\":\"Aktualno\"}]},{\"@type\":\"WebSite\",\"@id\":\"https:\/\/energeticar.hr\/#website\",\"url\":\"https:\/\/energeticar.hr\/\",\"name\":\"Savez energeti\u010dara Slavonije i Baranje\",\"description\":\"SESIB\",\"publisher\":{\"@id\":\"https:\/\/energeticar.hr\/#organization\"},\"potentialAction\":[{\"@type\":\"SearchAction\",\"target\":{\"@type\":\"EntryPoint\",\"urlTemplate\":\"https:\/\/energeticar.hr\/?s={search_term_string}\"},\"query-input\":{\"@type\":\"PropertyValueSpecification\",\"valueRequired\":true,\"valueName\":\"search_term_string\"}}],\"inLanguage\":\"en-US\"},{\"@type\":\"Organization\",\"@id\":\"https:\/\/energeticar.hr\/#organization\",\"name\":\"Savez energeti\u010dara Slavonije i Baranje\",\"url\":\"https:\/\/energeticar.hr\/\",\"logo\":{\"@type\":\"ImageObject\",\"inLanguage\":\"en-US\",\"@id\":\"https:\/\/energeticar.hr\/#\/schema\/logo\/image\/\",\"url\":\"https:\/\/energeticar.hr\/wp-content\/uploads\/2024\/02\/SESiB-logo-SMALL-1.png\",\"contentUrl\":\"https:\/\/energeticar.hr\/wp-content\/uploads\/2024\/02\/SESiB-logo-SMALL-1.png\",\"width\":110,\"height\":101,\"caption\":\"Savez energeti\u010dara Slavonije i Baranje\"},\"image\":{\"@id\":\"https:\/\/energeticar.hr\/#\/schema\/logo\/image\/\"}}]}<\/script>\n<!-- \/ Yoast SEO plugin. -->","yoast_head_json":{"title":"Aktualno - Savez energeti\u010dara Slavonije i Baranje","description":"Pripremni te\u010dajevi Stru\u010dne ekskurzije SESIB-a Godi\u0161nji susreti energeti\u010dara Slavonije i Baranje 123 123 123 Sjednice Skup\u0161tine i Upravnog odbora SESIB-a","robots":{"index":"index","follow":"follow","max-snippet":"max-snippet:-1","max-image-preview":"max-image-preview:large","max-video-preview":"max-video-preview:-1"},"canonical":"https:\/\/energeticar.hr\/index.php\/aktualno\/","og_locale":"en_US","og_type":"article","og_title":"Aktualno - Savez energeti\u010dara Slavonije i Baranje","og_description":"Pripremni te\u010dajevi Stru\u010dne ekskurzije SESIB-a Godi\u0161nji susreti energeti\u010dara Slavonije i Baranje 123 123 123 Sjednice Skup\u0161tine i Upravnog odbora SESIB-a","og_url":"https:\/\/energeticar.hr\/index.php\/aktualno\/","og_site_name":"Savez energeti\u010dara Slavonije i Baranje","article_modified_time":"2025-12-11T21:31:07+00:00","twitter_card":"summary_large_image","twitter_misc":{"Est. reading time":"1 minute"},"schema":{"@context":"https:\/\/schema.org","@graph":[{"@type":"WebPage","@id":"https:\/\/energeticar.hr\/index.php\/aktualno\/","url":"https:\/\/energeticar.hr\/index.php\/aktualno\/","name":"Aktualno - Savez energeti\u010dara Slavonije i Baranje","isPartOf":{"@id":"https:\/\/energeticar.hr\/#website"},"datePublished":"2024-02-17T06:16:33+00:00","dateModified":"2025-12-11T21:31:07+00:00","description":"Pripremni te\u010dajevi Stru\u010dne ekskurzije SESIB-a Godi\u0161nji susreti energeti\u010dara Slavonije i Baranje 123 123 123 Sjednice Skup\u0161tine i Upravnog odbora SESIB-a","breadcrumb":{"@id":"https:\/\/energeticar.hr\/index.php\/aktualno\/#breadcrumb"},"inLanguage":"en-US","potentialAction":[{"@type":"ReadAction","target":["https:\/\/energeticar.hr\/index.php\/aktualno\/"]}]},{"@type":"BreadcrumbList","@id":"https:\/\/energeticar.hr\/index.php\/aktualno\/#breadcrumb","itemListElement":[{"@type":"ListItem","position":1,"name":"Home","item":"https:\/\/energeticar.hr\/"},{"@type":"ListItem","position":2,"name":"Aktualno"}]},{"@type":"WebSite","@id":"https:\/\/energeticar.hr\/#website","url":"https:\/\/energeticar.hr\/","name":"Savez energeti\u010dara Slavonije i Baranje","description":"SESIB","publisher":{"@id":"https:\/\/energeticar.hr\/#organization"},"potentialAction":[{"@type":"SearchAction","target":{"@type":"EntryPoint","urlTemplate":"https:\/\/energeticar.hr\/?s={search_term_string}"},"query-input":{"@type":"PropertyValueSpecification","valueRequired":true,"valueName":"search_term_string"}}],"inLanguage":"en-US"},{"@type":"Organization","@id":"https:\/\/energeticar.hr\/#organization","name":"Savez energeti\u010dara Slavonije i Baranje","url":"https:\/\/energeticar.hr\/","logo":{"@type":"ImageObject","inLanguage":"en-US","@id":"https:\/\/energeticar.hr\/#\/schema\/logo\/image\/","url":"https:\/\/energeticar.hr\/wp-content\/uploads\/2024\/02\/SESiB-logo-SMALL-1.png","contentUrl":"https:\/\/energeticar.hr\/wp-content\/uploads\/2024\/02\/SESiB-logo-SMALL-1.png","width":110,"height":101,"caption":"Savez energeti\u010dara Slavonije i Baranje"},"image":{"@id":"https:\/\/energeticar.hr\/#\/schema\/logo\/image\/"}}]}},"_links":{"self":[{"href":"https:\/\/energeticar.hr\/index.php\/wp-json\/wp\/v2\/pages\/884","targetHints":{"allow":["GET"]}}],"collection":[{"href":"https:\/\/energeticar.hr\/index.php\/wp-json\/wp\/v2\/pages"}],"about":[{"href":"https:\/\/energeticar.hr\/index.php\/wp-json\/wp\/v2\/types\/page"}],"author":[{"embeddable":true,"href":"https:\/\/energeticar.hr\/index.php\/wp-json\/wp\/v2\/users\/1"}],"replies":[{"embeddable":true,"href":"https:\/\/energeticar.hr\/index.php\/wp-json\/wp\/v2\/comments?post=884"}],"version-history":[{"count":74,"href":"https:\/\/energeticar.hr\/index.php\/wp-json\/wp\/v2\/pages\/884\/revisions"}],"predecessor-version":[{"id":4705,"href":"https:\/\/energeticar.hr\/index.php\/wp-json\/wp\/v2\/pages\/884\/revisions\/4705"}],"wp:attachment":[{"href":"https:\/\/energeticar.hr\/index.php\/wp-json\/wp\/v2\/media?parent=884"}],"curies":[{"name":"wp","href":"https:\/\/api.w.org\/{rel}","templated":true}]}}