{"id":4893,"date":"2026-01-20T16:39:24","date_gmt":"2026-01-20T16:39:24","guid":{"rendered":"https:\/\/energeticar.hr\/?page_id=4893"},"modified":"2026-02-16T16:24:29","modified_gmt":"2026-02-16T16:24:29","slug":"drustvo-energeticara-vukovarsko-srijemske-zupanije","status":"publish","type":"page","link":"https:\/\/energeticar.hr\/index.php\/drustvo-energeticara-vukovarsko-srijemske-zupanije\/","title":{"rendered":"Dru\u0161tvo energeti\u010dara VUKOVARSKO-SRIJEMSKE \u017dUPANIJE"},"content":{"rendered":"<div class=\"wp-block-columns eplus-wrapper is-layout-flex wp-container-core-columns-is-layout-9d6595d7 wp-block-columns-is-layout-flex eplus-styles-uid-b499c4\">\n<div class=\"wp-block-column eplus-wrapper is-layout-flow wp-block-column-is-layout-flow\" style=\"flex-basis:5%\">\n<figure class=\" wp-block-image size-full eplus-wrapper\"><img loading=\"lazy\" decoding=\"async\" width=\"110\" height=\"101\" src=\"https:\/\/energeticar.hr\/wp-content\/uploads\/2024\/02\/SESiB-logo-SMALL-1.png\" alt=\"\" class=\"wp-image-16\"><\/figure>\n<\/div>\n\n\n\n<div class=\"wp-block-column is-vertically-aligned-bottom eplus-wrapper is-layout-flow wp-block-column-is-layout-flow\">\n<p class=\" has-text-align-left has-large-font-size eplus-wrapper\"><strong><strong>Dru\u0161tvo energeti\u010dara Vukovarsko-srijemske \u017eupanije<\/strong><\/strong><\/p>\n<\/div>\n\n\n\n<div class=\"wp-block-column eplus-wrapper is-layout-flow wp-block-column-is-layout-flow\">\n<div class=\"wp-block-buttons eplus-wrapper is-content-justification-right is-layout-flex wp-container-core-buttons-is-layout-765c4724 wp-block-buttons-is-layout-flex\"><div class=\" wp-block-button eplus-wrapper eplus-styles-uid-bc0a03\"><a class=\"wp-block-button__link has-contrast-color has-base-2-background-color has-text-color has-background has-link-color wp-element-button\" href=\"https:\/\/energeticar.hr\/\"><strong>povratak na NASLOVNICU Saveza<\/strong><\/a><\/div><\/div>\n<\/div>\n<\/div>\n\n\n<p class=\" has-medium-font-size eplus-wrapper\"><strong><a href=\"#O-nama\">O nama<\/a><br><a href=\"#Aktualno\">Aktualno<\/a><br><a href=\"#Kontakti\">Kontakti<\/a><\/strong><\/p>\n\n\n<div class=\"wp-block-image \"><figure class=\"aligncenter size-full is-resized eplus-wrapper eplus-styles-uid-03cc0c\"><img loading=\"lazy\" decoding=\"async\" width=\"681\" height=\"384\" src=\"https:\/\/energeticar.hr\/wp-content\/uploads\/2026\/01\/Vukovarsko-srijemska-zupaniija.jpg\" alt=\"\" class=\"wp-image-4894\" style=\"object-fit:cover;width:1800px;height:400px\" srcset=\"https:\/\/energeticar.hr\/wp-content\/uploads\/2026\/01\/Vukovarsko-srijemska-zupaniija.jpg 681w, https:\/\/energeticar.hr\/wp-content\/uploads\/2026\/01\/Vukovarsko-srijemska-zupaniija-300x169.jpg 300w\" sizes=\"auto, (max-width: 681px) 100vw, 681px\" \/><\/figure><\/div>\n\n\n<h1 class=\" wp-block-heading eplus-wrapper\" id=\"O-nama\">O nama<\/h1>\n\n\n<div class=\"wp-block-columns eplus-wrapper is-layout-flex wp-container-core-columns-is-layout-9d6595d7 wp-block-columns-is-layout-flex eplus-styles-uid-453c9a\">\n<div class=\"wp-block-column eplus-wrapper is-layout-flow wp-block-column-is-layout-flow\">\n<figure class=\" wp-block-image size-large eplus-wrapper\"><img loading=\"lazy\" decoding=\"async\" width=\"1024\" height=\"768\" src=\"https:\/\/energeticar.hr\/wp-content\/uploads\/2026\/02\/DE-VSZ-Gajeva-18-Vinkovci-1024x768.jpg\" alt=\"\" class=\"wp-image-5070\" srcset=\"https:\/\/energeticar.hr\/wp-content\/uploads\/2026\/02\/DE-VSZ-Gajeva-18-Vinkovci-1024x768.jpg 1024w, https:\/\/energeticar.hr\/wp-content\/uploads\/2026\/02\/DE-VSZ-Gajeva-18-Vinkovci-300x225.jpg 300w, https:\/\/energeticar.hr\/wp-content\/uploads\/2026\/02\/DE-VSZ-Gajeva-18-Vinkovci-768x576.jpg 768w, https:\/\/energeticar.hr\/wp-content\/uploads\/2026\/02\/DE-VSZ-Gajeva-18-Vinkovci-1536x1152.jpg 1536w, https:\/\/energeticar.hr\/wp-content\/uploads\/2026\/02\/DE-VSZ-Gajeva-18-Vinkovci-2048x1536.jpg 2048w\" sizes=\"auto, (max-width: 1024px) 100vw, 1024px\" \/><\/figure>\n<\/div>\n\n\n\n<div class=\"wp-block-column eplus-wrapper is-layout-flow wp-block-column-is-layout-flow\">\n<p class=\" has-medium-font-size eplus-wrapper\">Datum osnivanja 02.03.2013. godine.\u00a0 Datum upisa u registar udruga  11.04.2013.<br><br>Podru\u010dje djelovanja je tehni\u010dka kultura, energetika, tehnologije, inovacije.<br><br>Ciljevi Dru\u0161tva su poticanje i promicanje tehni\u010dke kulture u gradu Vinkovcima i Vukovarsko-Srijemskoj \u017eupaniji.<br><br>Djelatnost je strukovno povezivanje, promicanje i unapre\u0111enje energetike i toplinarstva; obrazovanje mladih, cjelo\u017eivotno u\u010denje i obrazovanje odraslih; podu\u010davanje i osposobljavanje u energetsko-tehnolo\u0161kim znanjima i vje\u0161tinama; suradnja sa dr\u017eavnim i gospodarskim \u010dimbenicima, \u0161kolama i fakultetima, zajednicama tehni\u010dke kulture radi zajedni\u010dkog interesa.<\/p>\n<\/div>\n<\/div>\n\n\n<p class=\" has-medium-font-size eplus-wrapper\"><strong><a href=\"https:\/\/energeticar.hr\/wp-content\/uploads\/2026\/02\/Drustvo-energeticara-VSZ-STATUT.pdf\" target=\"_blank\" rel=\"noreferrer noopener\">Preuzmi Statut DE Vukovarsko-srijemske \u017eupanije<\/a><\/strong><\/p>\n\n\n\n<hr class=\" wp-block-separator has-alpha-channel-opacity eplus-wrapper\"\/>\n\n\n\n<h1 class=\" wp-block-heading eplus-wrapper\" id=\"Aktualno\">Aktualno<\/h1>\n\n\n\n<div class=\"wp-block-ultimate-post-post-grid-parent ultp-post-grid-parent\" data-postid=\"4893\" data-grids=\"[{&quot;blockId&quot;:&quot;19bd38&quot;,&quot;name&quot;:&quot;ultimate-post_post-grid-1&quot;}]\" data-pagi=\"[&quot;ultp-block-c36a4e&quot;]\"><div  class=\"ultp-post-grid-block wp-block-ultimate-post-post-grid-1 ultp-block-19bd38\"><div class=\"ultp-block-wrapper\"><div class=\"ultp-loading\"><div class=\"ultp-loading-blocks\" style=\"width:100%;height:100%;\"><div style=\"left: 0;top: 0;animation-delay:0s;\"><\/div><div style=\"left: 21px;top: 0;animation-delay:0.125s;\"><\/div><div style=\"left: 42px;top: 0;animation-delay:0.25s;\"><\/div><div style=\"left: 0;top: 21px;animation-delay:0.875s;\"><\/div><div style=\"left: 42px;top: 21px;animation-delay:0.375s;\"><\/div><div style=\"left: 0;top: 42px;animation-delay:0.75s;\"><\/div><div style=\"left: 42px;top: 42px;animation-delay:0.625s;\"><\/div><div style=\"left: 21px;top: 42px;animation-delay:0.5s;\"><\/div><\/div><\/div><div class=\"ultp-block-items-wrap ultp-block-row ultp-pg1a-style1 ultp-grid1-responsive ultp-block-column-3 ultp-sm-column-2 ultp-xs-column-1 ultp-layout1\"><div class=\"ultp-block-item post-id-5083\"><div class=\"ultp-block-content-wrap\"><div class=\"ultp-block-image ultp-block-image-opacity\"><a href=\"https:\/\/energeticar.hr\/index.php\/2026\/02\/16\/okrugli-stol-energetska-buducnost-vinkovaca-i-vukovarsko-srijemske-zupanije\/\" ><img decoding=\"async\"  class=\"ultp-block-image-content\"  alt=\"OKRUGLI STOL &#8211; Energetska budu\u0107nost Vinkovaca i Vukovarsko &#8211; srijemske \u017eupanije\"  src=\"https:\/\/energeticar.hr\/wp-content\/uploads\/2026\/02\/Okrugli-stol-ENERGETSKA-BUDUCNOST-VINKOVACA-I-VUKOVARSKO-SRIJEMSKE-ZUPANIJE-870x570.jpg\" \/><\/a><\/div><div class=\"ultp-block-content\"><h3 class=\"ultp-block-title \"><a href=\"https:\/\/energeticar.hr\/index.php\/2026\/02\/16\/okrugli-stol-energetska-buducnost-vinkovaca-i-vukovarsko-srijemske-zupanije\/\" >OKRUGLI STOL &#8211; Energetska budu\u0107nost Vinkovaca i Vukovarsko &#8211; srijemske \u017eupanije<\/a><\/h3><div class=\"ultp-block-excerpt\"><\/div><div class=\"ultp-block-readmore\"><a aria-label=\"OKRUGLI STOL &#8211; Energetska budu\u0107nost Vinkovaca i Vukovarsko &#8211; srijemske \u017eupanije\" href=\"https:\/\/energeticar.hr\/index.php\/2026\/02\/16\/okrugli-stol-energetska-buducnost-vinkovaca-i-vukovarsko-srijemske-zupanije\/\" >Vi\u0161e o tome<\/a><\/div><\/div><\/div><\/div><div class=\"ultp-block-item post-id-5075\"><div class=\"ultp-block-content-wrap\"><div class=\"ultp-block-image ultp-block-image-opacity\"><a href=\"https:\/\/energeticar.hr\/index.php\/2026\/02\/16\/godisnja-skupstina-de-vukovarsko-srijemske-zupanije\/\" ><img decoding=\"async\"  class=\"ultp-block-image-content\"  alt=\"Godi\u0161nja Skup\u0161tina DE Vukovarsko-srijemske \u017eupanije\"  src=\"https:\/\/energeticar.hr\/wp-content\/uploads\/2026\/02\/Godisnja-skupstina-Drustva-u-prostorijama-Doma-tehnike-870x570.jpg\" \/><\/a><\/div><div class=\"ultp-block-content\"><h3 class=\"ultp-block-title \"><a href=\"https:\/\/energeticar.hr\/index.php\/2026\/02\/16\/godisnja-skupstina-de-vukovarsko-srijemske-zupanije\/\" >Godi\u0161nja Skup\u0161tina DE Vukovarsko-srijemske \u017eupanije<\/a><\/h3><div class=\"ultp-block-excerpt\"><\/div><div class=\"ultp-block-readmore\"><a aria-label=\"Godi\u0161nja Skup\u0161tina DE Vukovarsko-srijemske \u017eupanije\" href=\"https:\/\/energeticar.hr\/index.php\/2026\/02\/16\/godisnja-skupstina-de-vukovarsko-srijemske-zupanije\/\" >Vi\u0161e o tome<\/a><\/div><\/div><\/div><\/div><\/div><\/div><div class=\"pagination-block-html\" aria-hidden=\"true\" style=\"display: none;\"><div class=\"ultp-pagination-wrap ultp-pagination-ajax-action\"  data-for=\"ultp-block-19bd38\"  data-blockid=\"19bd38\"  data-expost=\"\"  data-paged=\"1\"  data-pages=\"1\"  data-blockname=\"ultimate-post_post-grid-1\"  data-postid=\"4893\"  data-selfpostid=\"yes\" ><\/div><\/div><\/div>\n\n\n<div class=\"wp-block-ultimate-post-post-pagination ultp-block-c36a4e ultp-pagination-block ultp-pagination-wrap\"><div class=\"ultp-pagination-wrap ultp-disable-editor-click ultp-pagination-ajax-action\"><ul class=\"ultp-pagination\"><li><a href=\"#\" class=\"ultp-prev-page-numbers\"><svg enable-background=\"new 0 0 477.175 477.175\" version=\"1.1\" viewBox=\"0 0 477.18 477.18\"><path d=\"m145.19 238.58 215.5-215.5c5.3-5.3 5.3-13.8 0-19.1s-13.8-5.3-19.1 0l-225.1 225.1c-5.3 5.3-5.3 13.8 0 19.1l225.1 225c2.6 2.6 6.1 4 9.5 4s6.9-1.3 9.5-4c5.3-5.3 5.3-13.8 0-19.1l-215.4-215.5z\"><\/path><\/svg><\/a><\/li><li><a href=\"#\">1<\/a><\/li><li><a href=\"#\">2<\/a><\/li><li><a href=\"#\">3<\/a><\/li><li><a href=\"#\" class=\"ultp-next-page-numbers\"><svg enable-background=\"new 0 0 477.175 477.175\" version=\"1.1\" viewBox=\"0 0 477.18 477.18\"><path d=\"m360.73 229.08-225.1-225.1c-5.3-5.3-13.8-5.3-19.1 0s-5.3 13.8 0 19.1l215.5 215.5-215.5 215.5c-5.3 5.3-5.3 13.8 0 19.1 2.6 2.6 6.1 4 9.5 4s6.9-1.3 9.5-4l225.1-225.1c5.3-5.2 5.3-13.8 0.1-19z\"><\/path><\/svg><\/a><\/li><\/ul><\/div><\/div>\n<\/div>\n\n\n\n<hr class=\" wp-block-separator has-alpha-channel-opacity eplus-wrapper\"\/>\n\n\n\n<h1 class=\" wp-block-heading eplus-wrapper\" id=\"Kontakti\">Kontakti<\/h1>\n\n\n<div class=\"wp-block-columns has-base-background-color has-background eplus-wrapper is-layout-flex wp-container-core-columns-is-layout-9d6595d7 wp-block-columns-is-layout-flex eplus-styles-uid-04fb79\">\n<div class=\"wp-block-column eplus-wrapper is-layout-flow wp-block-column-is-layout-flow\">\n<p class=\" has-medium-font-size eplus-wrapper\"><em>Ljudevita Gaja 18, 32100 Vinkovci<\/em><br><em>OIB: <em>20182370587<\/em><\/em><br>IBAN: HR&#8212;<br><br><strong><em>Predsjednik: Vlado Verga\u0161<\/em>, <strong>ing. stroj.<\/strong><\/strong><br>mobitel: 091 \/ 333 7990<br>e-mail: <a href=\"mailto:zlatko.markovic@hep.hr\"><\/a><a href=\"mailto:vlado.vergas@gmail.com\" target=\"_blank\" rel=\"noreferrer noopener\">vlado.vergas@gmail.<\/a><a href=\"vlado.vergas@gmail.com\">com<\/a><br><br><strong><em>Tajnik: \u017deljko Jagar, dipl. ing. el.<\/em><\/strong><br>mobitel: 098 \/ 176 7968<br>e-mail: <a href=\"mailto:jagar.zeljko@gmail.com\" target=\"_blank\" rel=\"noreferrer noopener\">jagar.zeljko@gmail.com<\/a><\/p>\n<\/div>\n\n\n\n<div class=\"wp-block-column eplus-wrapper is-layout-flow wp-block-column-is-layout-flow\" style=\"flex-basis:40%\"><p><iframe src=\"https:\/\/www.google.com\/maps\/embed?pb=!1m14!1m12!1m3!1d350.8357661369994!2d18.805264628858193!3d45.29456389634714!2m3!1f0!2f0!3f0!3m2!1i1024!2i768!4f13.1!5e0!3m2!1shr!2shr!4v1769342575112!5m2!1shr!2shr\" width=\"600\" height=\"450\" style=\"border:0;\" allowfullscreen=\"\" loading=\"lazy\" referrerpolicy=\"no-referrer-when-downgrade\"><\/iframe><\/p>\n<\/div>\n<\/div>\n\n\n<div class=\"wp-block-buttons eplus-wrapper is-content-justification-center is-layout-flex wp-container-core-buttons-is-layout-e1485a7b wp-block-buttons-is-layout-flex\"><div class=\" wp-block-button eplus-wrapper eplus-styles-uid-ef2b8c\"><a class=\"wp-block-button__link has-contrast-color has-base-background-color has-text-color has-background has-link-color wp-element-button\" href=\"https:\/\/energeticar.hr\/\"><strong>povratak na NASLOVNICU Saveza<\/strong><\/a><\/div><\/div>\n","protected":false},"excerpt":{"rendered":"<p>Dru\u0161tvo energeti\u010dara Vukovarsko-srijemske \u017eupanije O namaAktualnoKontakti O nama Datum osnivanja 02.03.2013. godine.&nbsp; Datum upisa u registar udruga 11.04.2013. Podru\u010dje djelovanja je tehni\u010dka kultura, energetika, tehnologije, inovacije. Ciljevi Dru\u0161tva su poticanje i promicanje tehni\u010dke kulture u gradu Vinkovcima i Vukovarsko-Srijemskoj \u017eupaniji. Djelatnost je strukovno povezivanje, promicanje i unapre\u0111enje energetike i toplinarstva; obrazovanje mladih, cjelo\u017eivotno u\u010denje i &#8230; <a title=\"Dru\u0161tvo energeti\u010dara VUKOVARSKO-SRIJEMSKE \u017dUPANIJE\" class=\"read-more\" href=\"https:\/\/energeticar.hr\/index.php\/drustvo-energeticara-vukovarsko-srijemske-zupanije\/\" aria-label=\"More on Dru\u0161tvo energeti\u010dara VUKOVARSKO-SRIJEMSKE \u017dUPANIJE\">Vi\u0161e o tome<\/a><\/p>\n","protected":false},"author":1,"featured_media":0,"parent":0,"menu_order":0,"comment_status":"closed","ping_status":"closed","template":"","meta":{"editor_plus_copied_stylings":"{}","footnotes":""},"class_list":["post-4893","page","type-page","status-publish"],"yoast_head":"<!-- This site is optimized with the Yoast SEO plugin v26.8 - https:\/\/yoast.com\/product\/yoast-seo-wordpress\/ -->\n<title>Dru\u0161tvo energeti\u010dara VUKOVARSKO-SRIJEMSKE \u017dUPANIJE - Savez energeti\u010dara Slavonije i Baranje<\/title>\n<meta name=\"description\" content=\"Dru\u0161tvo energeti\u010dara Vukovarsko-srijemske \u017eupanije povratak na NASLOVNICU Saveza O namaAktualnoKontakti O nama Datum osnivanja 02.03.2013. godine.&nbsp;\" \/>\n<meta name=\"robots\" content=\"index, follow, max-snippet:-1, max-image-preview:large, max-video-preview:-1\" \/>\n<link rel=\"canonical\" href=\"https:\/\/energeticar.hr\/index.php\/drustvo-energeticara-vukovarsko-srijemske-zupanije\/\" \/>\n<meta property=\"og:locale\" content=\"en_US\" \/>\n<meta property=\"og:type\" content=\"article\" \/>\n<meta property=\"og:title\" content=\"Dru\u0161tvo energeti\u010dara VUKOVARSKO-SRIJEMSKE \u017dUPANIJE - Savez energeti\u010dara Slavonije i Baranje\" \/>\n<meta property=\"og:description\" content=\"Dru\u0161tvo energeti\u010dara Vukovarsko-srijemske \u017eupanije povratak na NASLOVNICU Saveza O namaAktualnoKontakti O nama Datum osnivanja 02.03.2013. godine.&nbsp;\" \/>\n<meta property=\"og:url\" content=\"https:\/\/energeticar.hr\/index.php\/drustvo-energeticara-vukovarsko-srijemske-zupanije\/\" \/>\n<meta property=\"og:site_name\" content=\"Savez energeti\u010dara Slavonije i Baranje\" \/>\n<meta property=\"article:modified_time\" content=\"2026-02-16T16:24:29+00:00\" \/>\n<meta property=\"og:image\" content=\"https:\/\/energeticar.hr\/wp-content\/uploads\/2024\/02\/SESiB-logo-SMALL-1.png\" \/>\n\t<meta property=\"og:image:width\" content=\"110\" \/>\n\t<meta property=\"og:image:height\" content=\"101\" \/>\n\t<meta property=\"og:image:type\" content=\"image\/png\" \/>\n<meta name=\"twitter:card\" content=\"summary_large_image\" \/>\n<meta name=\"twitter:label1\" content=\"Est. reading time\" \/>\n\t<meta name=\"twitter:data1\" content=\"2 minutes\" \/>\n<script type=\"application\/ld+json\" class=\"yoast-schema-graph\">{\"@context\":\"https:\/\/schema.org\",\"@graph\":[{\"@type\":\"WebPage\",\"@id\":\"https:\/\/energeticar.hr\/index.php\/drustvo-energeticara-vukovarsko-srijemske-zupanije\/\",\"url\":\"https:\/\/energeticar.hr\/index.php\/drustvo-energeticara-vukovarsko-srijemske-zupanije\/\",\"name\":\"Dru\u0161tvo energeti\u010dara VUKOVARSKO-SRIJEMSKE \u017dUPANIJE - Savez energeti\u010dara Slavonije i Baranje\",\"isPartOf\":{\"@id\":\"https:\/\/energeticar.hr\/#website\"},\"primaryImageOfPage\":{\"@id\":\"https:\/\/energeticar.hr\/index.php\/drustvo-energeticara-vukovarsko-srijemske-zupanije\/#primaryimage\"},\"image\":{\"@id\":\"https:\/\/energeticar.hr\/index.php\/drustvo-energeticara-vukovarsko-srijemske-zupanije\/#primaryimage\"},\"thumbnailUrl\":\"https:\/\/energeticar.hr\/wp-content\/uploads\/2024\/02\/SESiB-logo-SMALL-1.png\",\"datePublished\":\"2026-01-20T16:39:24+00:00\",\"dateModified\":\"2026-02-16T16:24:29+00:00\",\"description\":\"Dru\u0161tvo energeti\u010dara Vukovarsko-srijemske \u017eupanije povratak na NASLOVNICU Saveza O namaAktualnoKontakti O nama Datum osnivanja 02.03.2013. godine.&nbsp;\",\"breadcrumb\":{\"@id\":\"https:\/\/energeticar.hr\/index.php\/drustvo-energeticara-vukovarsko-srijemske-zupanije\/#breadcrumb\"},\"inLanguage\":\"en-US\",\"potentialAction\":[{\"@type\":\"ReadAction\",\"target\":[\"https:\/\/energeticar.hr\/index.php\/drustvo-energeticara-vukovarsko-srijemske-zupanije\/\"]}]},{\"@type\":\"ImageObject\",\"inLanguage\":\"en-US\",\"@id\":\"https:\/\/energeticar.hr\/index.php\/drustvo-energeticara-vukovarsko-srijemske-zupanije\/#primaryimage\",\"url\":\"https:\/\/energeticar.hr\/wp-content\/uploads\/2024\/02\/SESiB-logo-SMALL-1.png\",\"contentUrl\":\"https:\/\/energeticar.hr\/wp-content\/uploads\/2024\/02\/SESiB-logo-SMALL-1.png\",\"width\":110,\"height\":101},{\"@type\":\"BreadcrumbList\",\"@id\":\"https:\/\/energeticar.hr\/index.php\/drustvo-energeticara-vukovarsko-srijemske-zupanije\/#breadcrumb\",\"itemListElement\":[{\"@type\":\"ListItem\",\"position\":1,\"name\":\"Home\",\"item\":\"https:\/\/energeticar.hr\/\"},{\"@type\":\"ListItem\",\"position\":2,\"name\":\"Dru\u0161tvo energeti\u010dara VUKOVARSKO-SRIJEMSKE \u017dUPANIJE\"}]},{\"@type\":\"WebSite\",\"@id\":\"https:\/\/energeticar.hr\/#website\",\"url\":\"https:\/\/energeticar.hr\/\",\"name\":\"Savez energeti\u010dara Slavonije i Baranje\",\"description\":\"SESIB\",\"publisher\":{\"@id\":\"https:\/\/energeticar.hr\/#organization\"},\"potentialAction\":[{\"@type\":\"SearchAction\",\"target\":{\"@type\":\"EntryPoint\",\"urlTemplate\":\"https:\/\/energeticar.hr\/?s={search_term_string}\"},\"query-input\":{\"@type\":\"PropertyValueSpecification\",\"valueRequired\":true,\"valueName\":\"search_term_string\"}}],\"inLanguage\":\"en-US\"},{\"@type\":\"Organization\",\"@id\":\"https:\/\/energeticar.hr\/#organization\",\"name\":\"Savez energeti\u010dara Slavonije i Baranje\",\"url\":\"https:\/\/energeticar.hr\/\",\"logo\":{\"@type\":\"ImageObject\",\"inLanguage\":\"en-US\",\"@id\":\"https:\/\/energeticar.hr\/#\/schema\/logo\/image\/\",\"url\":\"https:\/\/energeticar.hr\/wp-content\/uploads\/2024\/02\/SESiB-logo-SMALL-1.png\",\"contentUrl\":\"https:\/\/energeticar.hr\/wp-content\/uploads\/2024\/02\/SESiB-logo-SMALL-1.png\",\"width\":110,\"height\":101,\"caption\":\"Savez energeti\u010dara Slavonije i Baranje\"},\"image\":{\"@id\":\"https:\/\/energeticar.hr\/#\/schema\/logo\/image\/\"}}]}<\/script>\n<!-- \/ Yoast SEO plugin. -->","yoast_head_json":{"title":"Dru\u0161tvo energeti\u010dara VUKOVARSKO-SRIJEMSKE \u017dUPANIJE - Savez energeti\u010dara Slavonije i Baranje","description":"Dru\u0161tvo energeti\u010dara Vukovarsko-srijemske \u017eupanije povratak na NASLOVNICU Saveza O namaAktualnoKontakti O nama Datum osnivanja 02.03.2013. godine.&nbsp;","robots":{"index":"index","follow":"follow","max-snippet":"max-snippet:-1","max-image-preview":"max-image-preview:large","max-video-preview":"max-video-preview:-1"},"canonical":"https:\/\/energeticar.hr\/index.php\/drustvo-energeticara-vukovarsko-srijemske-zupanije\/","og_locale":"en_US","og_type":"article","og_title":"Dru\u0161tvo energeti\u010dara VUKOVARSKO-SRIJEMSKE \u017dUPANIJE - Savez energeti\u010dara Slavonije i Baranje","og_description":"Dru\u0161tvo energeti\u010dara Vukovarsko-srijemske \u017eupanije povratak na NASLOVNICU Saveza O namaAktualnoKontakti O nama Datum osnivanja 02.03.2013. godine.&nbsp;","og_url":"https:\/\/energeticar.hr\/index.php\/drustvo-energeticara-vukovarsko-srijemske-zupanije\/","og_site_name":"Savez energeti\u010dara Slavonije i Baranje","article_modified_time":"2026-02-16T16:24:29+00:00","og_image":[{"width":110,"height":101,"url":"https:\/\/energeticar.hr\/wp-content\/uploads\/2024\/02\/SESiB-logo-SMALL-1.png","type":"image\/png"}],"twitter_card":"summary_large_image","twitter_misc":{"Est. reading time":"2 minutes"},"schema":{"@context":"https:\/\/schema.org","@graph":[{"@type":"WebPage","@id":"https:\/\/energeticar.hr\/index.php\/drustvo-energeticara-vukovarsko-srijemske-zupanije\/","url":"https:\/\/energeticar.hr\/index.php\/drustvo-energeticara-vukovarsko-srijemske-zupanije\/","name":"Dru\u0161tvo energeti\u010dara VUKOVARSKO-SRIJEMSKE \u017dUPANIJE - Savez energeti\u010dara Slavonije i Baranje","isPartOf":{"@id":"https:\/\/energeticar.hr\/#website"},"primaryImageOfPage":{"@id":"https:\/\/energeticar.hr\/index.php\/drustvo-energeticara-vukovarsko-srijemske-zupanije\/#primaryimage"},"image":{"@id":"https:\/\/energeticar.hr\/index.php\/drustvo-energeticara-vukovarsko-srijemske-zupanije\/#primaryimage"},"thumbnailUrl":"https:\/\/energeticar.hr\/wp-content\/uploads\/2024\/02\/SESiB-logo-SMALL-1.png","datePublished":"2026-01-20T16:39:24+00:00","dateModified":"2026-02-16T16:24:29+00:00","description":"Dru\u0161tvo energeti\u010dara Vukovarsko-srijemske \u017eupanije povratak na NASLOVNICU Saveza O namaAktualnoKontakti O nama Datum osnivanja 02.03.2013. godine.&nbsp;","breadcrumb":{"@id":"https:\/\/energeticar.hr\/index.php\/drustvo-energeticara-vukovarsko-srijemske-zupanije\/#breadcrumb"},"inLanguage":"en-US","potentialAction":[{"@type":"ReadAction","target":["https:\/\/energeticar.hr\/index.php\/drustvo-energeticara-vukovarsko-srijemske-zupanije\/"]}]},{"@type":"ImageObject","inLanguage":"en-US","@id":"https:\/\/energeticar.hr\/index.php\/drustvo-energeticara-vukovarsko-srijemske-zupanije\/#primaryimage","url":"https:\/\/energeticar.hr\/wp-content\/uploads\/2024\/02\/SESiB-logo-SMALL-1.png","contentUrl":"https:\/\/energeticar.hr\/wp-content\/uploads\/2024\/02\/SESiB-logo-SMALL-1.png","width":110,"height":101},{"@type":"BreadcrumbList","@id":"https:\/\/energeticar.hr\/index.php\/drustvo-energeticara-vukovarsko-srijemske-zupanije\/#breadcrumb","itemListElement":[{"@type":"ListItem","position":1,"name":"Home","item":"https:\/\/energeticar.hr\/"},{"@type":"ListItem","position":2,"name":"Dru\u0161tvo energeti\u010dara VUKOVARSKO-SRIJEMSKE \u017dUPANIJE"}]},{"@type":"WebSite","@id":"https:\/\/energeticar.hr\/#website","url":"https:\/\/energeticar.hr\/","name":"Savez energeti\u010dara Slavonije i Baranje","description":"SESIB","publisher":{"@id":"https:\/\/energeticar.hr\/#organization"},"potentialAction":[{"@type":"SearchAction","target":{"@type":"EntryPoint","urlTemplate":"https:\/\/energeticar.hr\/?s={search_term_string}"},"query-input":{"@type":"PropertyValueSpecification","valueRequired":true,"valueName":"search_term_string"}}],"inLanguage":"en-US"},{"@type":"Organization","@id":"https:\/\/energeticar.hr\/#organization","name":"Savez energeti\u010dara Slavonije i Baranje","url":"https:\/\/energeticar.hr\/","logo":{"@type":"ImageObject","inLanguage":"en-US","@id":"https:\/\/energeticar.hr\/#\/schema\/logo\/image\/","url":"https:\/\/energeticar.hr\/wp-content\/uploads\/2024\/02\/SESiB-logo-SMALL-1.png","contentUrl":"https:\/\/energeticar.hr\/wp-content\/uploads\/2024\/02\/SESiB-logo-SMALL-1.png","width":110,"height":101,"caption":"Savez energeti\u010dara Slavonije i Baranje"},"image":{"@id":"https:\/\/energeticar.hr\/#\/schema\/logo\/image\/"}}]}},"_links":{"self":[{"href":"https:\/\/energeticar.hr\/index.php\/wp-json\/wp\/v2\/pages\/4893","targetHints":{"allow":["GET"]}}],"collection":[{"href":"https:\/\/energeticar.hr\/index.php\/wp-json\/wp\/v2\/pages"}],"about":[{"href":"https:\/\/energeticar.hr\/index.php\/wp-json\/wp\/v2\/types\/page"}],"author":[{"embeddable":true,"href":"https:\/\/energeticar.hr\/index.php\/wp-json\/wp\/v2\/users\/1"}],"replies":[{"embeddable":true,"href":"https:\/\/energeticar.hr\/index.php\/wp-json\/wp\/v2\/comments?post=4893"}],"version-history":[{"count":38,"href":"https:\/\/energeticar.hr\/index.php\/wp-json\/wp\/v2\/pages\/4893\/revisions"}],"predecessor-version":[{"id":5090,"href":"https:\/\/energeticar.hr\/index.php\/wp-json\/wp\/v2\/pages\/4893\/revisions\/5090"}],"wp:attachment":[{"href":"https:\/\/energeticar.hr\/index.php\/wp-json\/wp\/v2\/media?parent=4893"}],"curies":[{"name":"wp","href":"https:\/\/api.w.org\/{rel}","templated":true}]}}