{"id":2774,"date":"2024-05-18T13:39:33","date_gmt":"2024-05-18T13:39:33","guid":{"rendered":"http:\/\/energeticar.free.nf\/?page_id=2774"},"modified":"2026-01-20T17:40:23","modified_gmt":"2026-01-20T17:40:23","slug":"organizacijski-ustroj-udruge","status":"publish","type":"page","link":"https:\/\/energeticar.hr\/index.php\/organizacijski-ustroj-udruge\/","title":{"rendered":"Organizacijski ustroj udruge"},"content":{"rendered":"\n<p class=\" has-medium-font-size eplus-wrapper\">Statut Saveza energeti\u010dara Slavonije i Baranje je temeljni dokument koji govori da je Savez energeti\u010dara Slavonije i Baranje udruga dru\u0161tava energeti\u010dara koja su registrirana i djeluju na podru\u010dju Osje\u010dko-baranjske, Vukovarsko-srijemske, Brodsko-posavske i Po\u017ee\u0161ko-slavonske \u017eupanije, s ciljem promicanja energetske struke, za\u0161tite \u010dovjekove okoline kao i novih suvremenih rje\u0161enja i dostignu\u0107a u energetici.<\/p>\n\n\n\n<p class=\" has-medium-font-size eplus-wrapper\">Statutom je definiran unutra\u0161nji ustroj Saveza enegeti\u010dara Slavonije i Baranje, kao i na\u010din javnog rada i djelovanja. Svi ostali akti Saveza uskla\u0111eni su sa Statutom. Skup\u0161tina, kao najvi\u0161e tijelo Saveza energeti\u010dara Slavonije i Baranje, odlu\u010duje o usvajanju Statuta te njegovim eventualnim izmjenama ili dopunama.<\/p>\n\n\n\n<p class=\" has-medium-font-size eplus-wrapper\">Sukladno Statutu Savez energeti\u010dara Slavonije i Baranje ima sljede\u0107a tijela upravljanja i nadzora:<\/p>\n\n\n<ol start=\"1\" class=\" wp-block-list eplus-wrapper eplus-styles-uid-5ffde6\">\n<li class=\" has-medium-font-size eplus-wrapper\">Skup\u0161tina,<\/li>\n\n\n\n<li class=\" has-medium-font-size eplus-wrapper\">Upravni odbor,<\/li>\n\n\n\n<li class=\" has-medium-font-size eplus-wrapper\">Predsjednik,<\/li>\n\n\n\n<li class=\" has-medium-font-size eplus-wrapper\">Dopredsjednik,<\/li>\n\n\n\n<li class=\" has-medium-font-size eplus-wrapper\">Tajnik,<\/li>\n\n\n\n<li class=\" has-medium-font-size eplus-wrapper\">Nadzorni odbor,<\/li>\n\n\n\n<li class=\" has-medium-font-size eplus-wrapper\">\u010casni sud.<\/li>\n<\/ol>\n\n\n<p class=\" has-medium-font-size eplus-wrapper\"><strong>Skup\u0161tina SESIB-a<\/strong><\/p>\n\n\n<p class=\" has-medium-font-size eplus-wrapper eplus-styles-uid-9a102f\">Skup\u0161tina je vrhovno tijelo Saveza energeti\u010dara Slavonije i Baranje. Skup\u0161tinu \u010dine po tri predstavnika iz svakog dru\u0161tva energeti\u010dara koje je \u010dlanica Saveza energeti\u010dara Slavonije i Baranje. Sjednice Skup\u0161tine saziva predsjednik Saveza energeti\u010dara Slavonije i Baranje. Skup\u0161tina odlu\u010duje na svojim sjednicama. Redovna sjednica Skup\u0161tine sastaje se najmanje jednom godi\u0161nje.<\/p>\n\n\n<p class=\" has-medium-font-size eplus-wrapper\"><strong>Upravni odbor SESIB-a<\/strong><\/p>\n\n\n<p class=\" has-medium-font-size eplus-wrapper eplus-styles-uid-9a102f\">Upravni odbor je kolegijalni izvr\u0161ni organ koji upravlja radom Saveza energeti\u010dara Slavonije i Baranje. Upravni odbor \u010dini pet predsjednika dru\u0161tava, \u010dlanica Saveza energeti\u010dara Slavonije i Baranje, predsjednik i tajnik Saveza energeti\u010dara Slavonije i Baranje.<\/p>\n\n<p class=\" has-medium-font-size eplus-wrapper eplus-styles-uid-9a102f\">Radom Upravnog odbora rukovodi predsjednik Saveza energeti\u010dara Slavonije i Baranje po polo\u017eaju, a u slu\u010daju njegove sprije\u010denosti dopredsjednik Saveza energeti\u010dara Slavonije i Baranje. Upravni odbor je za svoj rad odgovoran Skup\u0161tini.<\/p>\n\n\n<p class=\" has-medium-font-size eplus-wrapper\"><strong>Predsjednik SESIB-a<\/strong><\/p>\n\n\n<p class=\" has-medium-font-size eplus-wrapper eplus-styles-uid-9a102f\">Predsjednik rukovodi radom Saveza energeti\u010dara Slavonije i Baranje, saziva i predsjedava sjednicama Upravnog odbora i Skup\u0161tine. Tako\u0111er, predstavlja i zastupa Savez energeti\u010dara Slavonije i Baranje prema tre\u0107im stranama.<\/p>\n\n\n<p class=\" has-medium-font-size eplus-wrapper\"><strong>Dopredsjednik SESIB-a<\/strong><\/p>\n\n\n<p class=\" has-medium-font-size eplus-wrapper eplus-styles-uid-9a102f\">Dopredsjednik je funkcija na koju mo\u017ee biti biran samo \u010dlan Upravnog odbora SESIB-a, a bira se iz redova predsjednika \u010dlanica SESIB-a. Dopredsjednik poma\u017ee predsjedniku u radu, a u slu\u010daju njegove sprije\u010denosti u cijelosti ga zamjenjuje.<\/p>\n\n\n<p class=\" has-medium-font-size eplus-wrapper\"><strong>Tajnik SESIB-a<\/strong><\/p>\n\n\n<p class=\" has-medium-font-size eplus-wrapper eplus-styles-uid-9a102f\">Brine za zakonitost rada i za ispunjavanje zakonom propisanih obveza Saveza energeti\u010dara Slavonije i Baranje, stru\u010dno priprema i organizira sjednice Skup\u0161tine i Upravnog odbora.<\/p>\n\n\n<p class=\" has-medium-font-size eplus-wrapper\"><strong>Nadzorni odbor SESIB-a<\/strong><\/p>\n\n\n<p class=\" has-medium-font-size eplus-wrapper eplus-styles-uid-9a102f\">Brine o za\u0161titi zakonitosti djelovanja i pravilnosti poslovanja Saveza energeti\u010dara Slavonije i Baranje.<\/p>\n\n\n<p class=\" has-medium-font-size eplus-wrapper\"><strong>\u010casni sud SESIB-a<\/strong><\/p>\n\n\n<p class=\" has-medium-font-size eplus-wrapper eplus-styles-uid-9a102f\">\u010casni sud je tijelo SESIB-a nadle\u017eno za rje\u0161avanje sporova unutar SESIB-a. \u010casni sud \u010dine po jedan predstavnik svake \u010dlanice SESIB-a.<\/p>\n\n\n<p class=\" has-medium-font-size eplus-wrapper\">Na izbornoj Skup\u0161tini odr\u017eanoj 9. prosinca 2023. godine izabrana su sljede\u0107a tijela upravljanja i nadzora Saveza energeti\u010dara Slavonije i Baranje za mandatno razdoblje od 2023. godine do 2027. godine, kako slijedi:<\/p>\n\n\n<p class=\" has-medium-font-size eplus-wrapper eplus-styles-uid-9a102f\"><strong>Predsjednik Saveza energeti\u010dara Slavonije i Baranje<\/strong><br>Ivan Krvavica, dipl. ing. el.<br><strong>Dopredsjednik Saveza energeti\u010dara Slavonije i Baranje<\/strong><br>Stojan Filipovi\u0107<br><strong>Tajnik Saveza energeti\u010dara Slavonije i Baranje<\/strong><br>Albert Higi, dipl. ing. stroj.<\/p>\n\n\n<p class=\" has-medium-font-size eplus-wrapper\"><strong>Upravni odbor Saveza energeti\u010dara Slavonije i Baranje:<\/strong><\/p>\n\n\n<p class=\" has-medium-font-size eplus-wrapper eplus-styles-uid-9a102f\">&#8211; Ivan Krvavica, dipl. ing. el. \u2013 predsjednik<br>&#8211; Stojan Filipovi\u0107 \u2013 \u010dlan<br>&#8211; Albert Higi, dipl. ing. stroj. \u2013 \u010dlan<br>&#8211; predsjednik DE Beli\u0161\u0107e \u2013 \u010dlan<br>&#8211; predsjednik DE Osijek \u2013 \u010dlan<br>&#8211; predsjednik DE Po\u017eega \u2013 \u010dlan<br>&#8211; predsjednik DE Tvornica \u0161e\u0107era Osijek \u2013 \u010dlan<br>&#8211; predsjednik DE Vukovarsko-srijemske \u017eupanije \u2013 \u010dlan<\/p>\n\n\n<p class=\" has-medium-font-size eplus-wrapper\"><strong>Nadzorni odbor Saveza energeti\u010dara Slavonije i Baranje:<\/strong><\/p>\n\n\n<p class=\" has-medium-font-size eplus-wrapper eplus-styles-uid-9a102f\">&#8211; Vedran Smokrovi\u0107 \u2013 predsjednik<br>&#8211; Mato Vukovi\u0107 \u2013 \u010dlan<br>&#8211; Ivica Duvan\u010di\u0107 \u2013 \u010dlan<\/p>","protected":false},"excerpt":{"rendered":"<p>Statut Saveza energeti\u010dara Slavonije i Baranje je temeljni dokument koji govori da je Savez energeti\u010dara Slavonije i Baranje udruga dru\u0161tava energeti\u010dara koja su registrirana i djeluju na podru\u010dju Osje\u010dko-baranjske, Vukovarsko-srijemske, Brodsko-posavske i Po\u017ee\u0161ko-slavonske \u017eupanije, s ciljem promicanja energetske struke, za\u0161tite \u010dovjekove okoline kao i novih suvremenih rje\u0161enja i dostignu\u0107a u energetici. Statutom je definiran unutra\u0161nji &#8230; <a title=\"Organizacijski ustroj udruge\" class=\"read-more\" href=\"https:\/\/energeticar.hr\/index.php\/organizacijski-ustroj-udruge\/\" aria-label=\"More on Organizacijski ustroj udruge\">Vi\u0161e o tome<\/a><\/p>\n","protected":false},"author":1,"featured_media":0,"parent":0,"menu_order":0,"comment_status":"closed","ping_status":"closed","template":"","meta":{"editor_plus_copied_stylings":"{}","footnotes":""},"class_list":["post-2774","page","type-page","status-publish"],"yoast_head":"<!-- This site is optimized with the Yoast SEO plugin v26.8 - https:\/\/yoast.com\/product\/yoast-seo-wordpress\/ -->\n<title>Organizacijski ustroj udruge - Savez energeti\u010dara Slavonije i Baranje<\/title>\n<meta name=\"description\" content=\"Statut Saveza energeti\u010dara Slavonije i Baranje je temeljni dokument koji govori da je Savez energeti\u010dara Slavonije i Baranje udruga dru\u0161tava energeti\u010dara\" \/>\n<meta name=\"robots\" content=\"index, follow, max-snippet:-1, max-image-preview:large, max-video-preview:-1\" \/>\n<link rel=\"canonical\" href=\"https:\/\/energeticar.hr\/index.php\/organizacijski-ustroj-udruge\/\" \/>\n<meta property=\"og:locale\" content=\"en_US\" \/>\n<meta property=\"og:type\" content=\"article\" \/>\n<meta property=\"og:title\" content=\"Organizacijski ustroj udruge - Savez energeti\u010dara Slavonije i Baranje\" \/>\n<meta property=\"og:description\" content=\"Statut Saveza energeti\u010dara Slavonije i Baranje je temeljni dokument koji govori da je Savez energeti\u010dara Slavonije i Baranje udruga dru\u0161tava energeti\u010dara\" \/>\n<meta property=\"og:url\" content=\"https:\/\/energeticar.hr\/index.php\/organizacijski-ustroj-udruge\/\" \/>\n<meta property=\"og:site_name\" content=\"Savez energeti\u010dara Slavonije i Baranje\" \/>\n<meta property=\"article:modified_time\" content=\"2026-01-20T17:40:23+00:00\" \/>\n<meta name=\"twitter:card\" content=\"summary_large_image\" \/>\n<meta name=\"twitter:label1\" content=\"Est. reading time\" \/>\n\t<meta name=\"twitter:data1\" content=\"3 minutes\" \/>\n<script type=\"application\/ld+json\" class=\"yoast-schema-graph\">{\"@context\":\"https:\/\/schema.org\",\"@graph\":[{\"@type\":\"WebPage\",\"@id\":\"https:\/\/energeticar.hr\/index.php\/organizacijski-ustroj-udruge\/\",\"url\":\"https:\/\/energeticar.hr\/index.php\/organizacijski-ustroj-udruge\/\",\"name\":\"Organizacijski ustroj udruge - Savez energeti\u010dara Slavonije i Baranje\",\"isPartOf\":{\"@id\":\"https:\/\/energeticar.hr\/#website\"},\"datePublished\":\"2024-05-18T13:39:33+00:00\",\"dateModified\":\"2026-01-20T17:40:23+00:00\",\"description\":\"Statut Saveza energeti\u010dara Slavonije i Baranje je temeljni dokument koji govori da je Savez energeti\u010dara Slavonije i Baranje udruga dru\u0161tava energeti\u010dara\",\"breadcrumb\":{\"@id\":\"https:\/\/energeticar.hr\/index.php\/organizacijski-ustroj-udruge\/#breadcrumb\"},\"inLanguage\":\"en-US\",\"potentialAction\":[{\"@type\":\"ReadAction\",\"target\":[\"https:\/\/energeticar.hr\/index.php\/organizacijski-ustroj-udruge\/\"]}]},{\"@type\":\"BreadcrumbList\",\"@id\":\"https:\/\/energeticar.hr\/index.php\/organizacijski-ustroj-udruge\/#breadcrumb\",\"itemListElement\":[{\"@type\":\"ListItem\",\"position\":1,\"name\":\"Home\",\"item\":\"https:\/\/energeticar.hr\/\"},{\"@type\":\"ListItem\",\"position\":2,\"name\":\"Organizacijski ustroj udruge\"}]},{\"@type\":\"WebSite\",\"@id\":\"https:\/\/energeticar.hr\/#website\",\"url\":\"https:\/\/energeticar.hr\/\",\"name\":\"Savez energeti\u010dara Slavonije i Baranje\",\"description\":\"SESIB\",\"publisher\":{\"@id\":\"https:\/\/energeticar.hr\/#organization\"},\"potentialAction\":[{\"@type\":\"SearchAction\",\"target\":{\"@type\":\"EntryPoint\",\"urlTemplate\":\"https:\/\/energeticar.hr\/?s={search_term_string}\"},\"query-input\":{\"@type\":\"PropertyValueSpecification\",\"valueRequired\":true,\"valueName\":\"search_term_string\"}}],\"inLanguage\":\"en-US\"},{\"@type\":\"Organization\",\"@id\":\"https:\/\/energeticar.hr\/#organization\",\"name\":\"Savez energeti\u010dara Slavonije i Baranje\",\"url\":\"https:\/\/energeticar.hr\/\",\"logo\":{\"@type\":\"ImageObject\",\"inLanguage\":\"en-US\",\"@id\":\"https:\/\/energeticar.hr\/#\/schema\/logo\/image\/\",\"url\":\"https:\/\/energeticar.hr\/wp-content\/uploads\/2024\/02\/SESiB-logo-SMALL-1.png\",\"contentUrl\":\"https:\/\/energeticar.hr\/wp-content\/uploads\/2024\/02\/SESiB-logo-SMALL-1.png\",\"width\":110,\"height\":101,\"caption\":\"Savez energeti\u010dara Slavonije i Baranje\"},\"image\":{\"@id\":\"https:\/\/energeticar.hr\/#\/schema\/logo\/image\/\"}}]}<\/script>\n<!-- \/ Yoast SEO plugin. -->","yoast_head_json":{"title":"Organizacijski ustroj udruge - Savez energeti\u010dara Slavonije i Baranje","description":"Statut Saveza energeti\u010dara Slavonije i Baranje je temeljni dokument koji govori da je Savez energeti\u010dara Slavonije i Baranje udruga dru\u0161tava energeti\u010dara","robots":{"index":"index","follow":"follow","max-snippet":"max-snippet:-1","max-image-preview":"max-image-preview:large","max-video-preview":"max-video-preview:-1"},"canonical":"https:\/\/energeticar.hr\/index.php\/organizacijski-ustroj-udruge\/","og_locale":"en_US","og_type":"article","og_title":"Organizacijski ustroj udruge - Savez energeti\u010dara Slavonije i Baranje","og_description":"Statut Saveza energeti\u010dara Slavonije i Baranje je temeljni dokument koji govori da je Savez energeti\u010dara Slavonije i Baranje udruga dru\u0161tava energeti\u010dara","og_url":"https:\/\/energeticar.hr\/index.php\/organizacijski-ustroj-udruge\/","og_site_name":"Savez energeti\u010dara Slavonije i Baranje","article_modified_time":"2026-01-20T17:40:23+00:00","twitter_card":"summary_large_image","twitter_misc":{"Est. reading time":"3 minutes"},"schema":{"@context":"https:\/\/schema.org","@graph":[{"@type":"WebPage","@id":"https:\/\/energeticar.hr\/index.php\/organizacijski-ustroj-udruge\/","url":"https:\/\/energeticar.hr\/index.php\/organizacijski-ustroj-udruge\/","name":"Organizacijski ustroj udruge - Savez energeti\u010dara Slavonije i Baranje","isPartOf":{"@id":"https:\/\/energeticar.hr\/#website"},"datePublished":"2024-05-18T13:39:33+00:00","dateModified":"2026-01-20T17:40:23+00:00","description":"Statut Saveza energeti\u010dara Slavonije i Baranje je temeljni dokument koji govori da je Savez energeti\u010dara Slavonije i Baranje udruga dru\u0161tava energeti\u010dara","breadcrumb":{"@id":"https:\/\/energeticar.hr\/index.php\/organizacijski-ustroj-udruge\/#breadcrumb"},"inLanguage":"en-US","potentialAction":[{"@type":"ReadAction","target":["https:\/\/energeticar.hr\/index.php\/organizacijski-ustroj-udruge\/"]}]},{"@type":"BreadcrumbList","@id":"https:\/\/energeticar.hr\/index.php\/organizacijski-ustroj-udruge\/#breadcrumb","itemListElement":[{"@type":"ListItem","position":1,"name":"Home","item":"https:\/\/energeticar.hr\/"},{"@type":"ListItem","position":2,"name":"Organizacijski ustroj udruge"}]},{"@type":"WebSite","@id":"https:\/\/energeticar.hr\/#website","url":"https:\/\/energeticar.hr\/","name":"Savez energeti\u010dara Slavonije i Baranje","description":"SESIB","publisher":{"@id":"https:\/\/energeticar.hr\/#organization"},"potentialAction":[{"@type":"SearchAction","target":{"@type":"EntryPoint","urlTemplate":"https:\/\/energeticar.hr\/?s={search_term_string}"},"query-input":{"@type":"PropertyValueSpecification","valueRequired":true,"valueName":"search_term_string"}}],"inLanguage":"en-US"},{"@type":"Organization","@id":"https:\/\/energeticar.hr\/#organization","name":"Savez energeti\u010dara Slavonije i Baranje","url":"https:\/\/energeticar.hr\/","logo":{"@type":"ImageObject","inLanguage":"en-US","@id":"https:\/\/energeticar.hr\/#\/schema\/logo\/image\/","url":"https:\/\/energeticar.hr\/wp-content\/uploads\/2024\/02\/SESiB-logo-SMALL-1.png","contentUrl":"https:\/\/energeticar.hr\/wp-content\/uploads\/2024\/02\/SESiB-logo-SMALL-1.png","width":110,"height":101,"caption":"Savez energeti\u010dara Slavonije i Baranje"},"image":{"@id":"https:\/\/energeticar.hr\/#\/schema\/logo\/image\/"}}]}},"_links":{"self":[{"href":"https:\/\/energeticar.hr\/index.php\/wp-json\/wp\/v2\/pages\/2774","targetHints":{"allow":["GET"]}}],"collection":[{"href":"https:\/\/energeticar.hr\/index.php\/wp-json\/wp\/v2\/pages"}],"about":[{"href":"https:\/\/energeticar.hr\/index.php\/wp-json\/wp\/v2\/types\/page"}],"author":[{"embeddable":true,"href":"https:\/\/energeticar.hr\/index.php\/wp-json\/wp\/v2\/users\/1"}],"replies":[{"embeddable":true,"href":"https:\/\/energeticar.hr\/index.php\/wp-json\/wp\/v2\/comments?post=2774"}],"version-history":[{"count":46,"href":"https:\/\/energeticar.hr\/index.php\/wp-json\/wp\/v2\/pages\/2774\/revisions"}],"predecessor-version":[{"id":4950,"href":"https:\/\/energeticar.hr\/index.php\/wp-json\/wp\/v2\/pages\/2774\/revisions\/4950"}],"wp:attachment":[{"href":"https:\/\/energeticar.hr\/index.php\/wp-json\/wp\/v2\/media?parent=2774"}],"curies":[{"name":"wp","href":"https:\/\/api.w.org\/{rel}","templated":true}]}}